{"id":68,"date":"2025-03-21T10:17:41","date_gmt":"2025-03-21T09:17:41","guid":{"rendered":"https:\/\/tw-bau.ch\/cms\/?page_id=68"},"modified":"2025-09-02T15:05:04","modified_gmt":"2025-09-02T13:05:04","slug":"referenzen","status":"publish","type":"page","link":"https:\/\/tw-bau.ch\/cms\/referenzen\/","title":{"rendered":"Referenzen"},"content":{"rendered":"\t\t<div data-elementor-type=\"wp-page\" data-elementor-id=\"68\" class=\"elementor elementor-68\">\n\t\t\t\t<div class=\"elementor-element elementor-element-7134611 e-flex e-con-boxed e-con e-parent\" data-id=\"7134611\" data-element_type=\"container\">\n\t\t\t\t\t<div class=\"e-con-inner\">\n\t\t\t\t<div class=\"elementor-element elementor-element-a86cd0d elementor-widget elementor-widget-image\" data-id=\"a86cd0d\" data-element_type=\"widget\" data-widget_type=\"image.default\">\n\t\t\t\t<div class=\"elementor-widget-container\">\n\t\t\t\t\t\t\t\t\t\t\t\t\t\t\t<img fetchpriority=\"high\" decoding=\"async\" width=\"710\" height=\"421\" src=\"https:\/\/tw-bau.ch\/cms\/wp-content\/uploads\/2025\/03\/1636993-9bf7bf02cee06211ffff82587f000101.jpg\" class=\"attachment-large size-large wp-image-70\" alt=\"\" srcset=\"https:\/\/tw-bau.ch\/cms\/wp-content\/uploads\/2025\/03\/1636993-9bf7bf02cee06211ffff82587f000101.jpg 710w, https:\/\/tw-bau.ch\/cms\/wp-content\/uploads\/2025\/03\/1636993-9bf7bf02cee06211ffff82587f000101-300x178.jpg 300w\" sizes=\"(max-width: 710px) 100vw, 710px\" \/>\t\t\t\t\t\t\t\t\t\t\t\t\t\t\t<\/div>\n\t\t\t\t<\/div>\n\t\t\t\t<div class=\"elementor-element elementor-element-9c149f9 elementor-widget elementor-widget-spacer\" data-id=\"9c149f9\" data-element_type=\"widget\" data-widget_type=\"spacer.default\">\n\t\t\t\t<div class=\"elementor-widget-container\">\n\t\t\t\t\t\t\t<div class=\"elementor-spacer\">\n\t\t\t<div class=\"elementor-spacer-inner\"><\/div>\n\t\t<\/div>\n\t\t\t\t\t\t<\/div>\n\t\t\t\t<\/div>\n\t\t\t\t<div class=\"elementor-element elementor-element-23f71c7 elementor-widget elementor-widget-heading\" data-id=\"23f71c7\" data-element_type=\"widget\" data-widget_type=\"heading.default\">\n\t\t\t\t<div class=\"elementor-widget-container\">\n\t\t\t\t\t<h2 class=\"elementor-heading-title elementor-size-default\">Ausgef\u00fchrte  Auftr\u00e4ge<\/h2>\t\t\t\t<\/div>\n\t\t\t\t<\/div>\n\t\t\t\t<div class=\"elementor-element elementor-element-22fe03f elementor-widget elementor-widget-text-editor\" data-id=\"22fe03f\" data-element_type=\"widget\" data-widget_type=\"text-editor.default\">\n\t\t\t\t<div class=\"elementor-widget-container\">\n\t\t\t\t\t\t\t\t\t<div><strong>St\u00e4fa, Uetikon am See,\u00a0<\/strong><\/div><div><strong>Vorsorgeauftrag ( Beistand, Senioren Begleitung)<\/strong><\/div><div><ul><li><strong>2017-2019\u00a0 1.<\/strong> Vorsorgeauftrag\u00a0(Beistand)<\/li><li>\u00a0 \u00a0 \u00a0 \u00a0 \u00a0 \u00a0 \u00a0 \u00a0 \u00a0\u00a0\u00a0<strong>u.a<\/strong>.\u00a0z\u00fcgeln ins Altersheim\u00a0R\u00e4umung und Aufl\u00f6sung Haushalt, Wohnung\u00a0<\/li><li><strong>2021-\u00a0<\/strong>\u00a0 \u00a0 \u00a0 \u00a0<strong> 1.<\/strong>\u00a0weiterer\u00a0Vorsorgeauftrag,\u00a0(Beistand)\u00a0\u00a0 \u00a0<\/li><li>\u00a0 \u00a0 \u00a0 \u00a0 \u00a0 \u00a0 \u00a0 \u00a0 \u00a0 \u00a0 \u00a0\u00a0<strong>u.a.<\/strong> z\u00fcgeln ins Altersheim,\u00a0R\u00e4umung und Aufl\u00f6sung Haushalt, Wohnung,\u00a0 Verkauf\u00a0 Wohnung,\u00a0\u00a0<\/li><li><strong>2022<\/strong>\u00a0 \u00a0 \u00a0 \u00a0 \u00a0 <strong>2.<\/strong> weitere Vorsorgeauftr\u00e4ge\u00a0\u00a0(Beistand)\u00a0<\/li><li>\u00a0 \u00a0 \u00a0 \u00a0 \u00a0 \u00a0 \u00a0 \u00a0 \u00a0 \u00a0 \u00a0 <strong>u.a.<\/strong> z\u00fcgeln ins Altersheim,\u00a0R\u00e4umung und Aufl\u00f6sung Haushalt, Wohnung,<\/li><li>\u00a0 \u00a0 \u00a0 \u00a0 \u00a0 \u00a0 \u00a0 \u00a0 \u00a0<strong> 1.<\/strong> weiterer Vorsorgeauftrag\u00a0\u00a0<\/li><\/ul><\/div>\t\t\t\t\t\t\t\t<\/div>\n\t\t\t\t<\/div>\n\t\t\t\t<div class=\"elementor-element elementor-element-214ca07 elementor-widget elementor-widget-text-editor\" data-id=\"214ca07\" data-element_type=\"widget\" data-widget_type=\"text-editor.default\">\n\t\t\t\t<div class=\"elementor-widget-container\">\n\t\t\t\t\t\t\t\t\t<div><strong>St\u00e4fa <\/strong><strong>Schwelliweg<\/strong><\/div><ul><li><strong>2021\u00a0 Wohnung\u00a0<\/strong><strong>Verkauf<\/strong> und Umbau\u00a0<\/li><li>\u00a0 \u00a0 \u00a0 \u00a0 \u00a0 neues Bad und\u00a0 Einbau seperates WC<\/li><li>\u00a0 \u00a0 \u00a0 \u00a0 \u00a0 Sanit\u00e4rinstllationen ersetzen,<\/li><li>\u00a0 \u00a0 \u00a0 \u00a0 \u00a0 Baumeister und Plattenlegerarbeiten<\/li><li>\u00a0 \u00a0 \u00a0 \u00a0 \u00a0 Garten und Bachanstoss\u00a0Unterhalt<\/li><li class=\"notranslate\" style=\"border-block: initial; border-inline: initial; border-start-start-radius: initial; border-start-end-radius: initial; border-end-start-radius: initial; border-end-end-radius: initial; overflow-block: initial; overflow-inline: initial; overscroll-behavior-block: initial; overscroll-behavior-inline: initial; margin-block: initial; margin-inline: initial; scroll-margin-block: initial; scroll-margin-inline: initial; padding-block: initial; padding-inline: initial; scroll-padding-block: initial; scroll-padding-inline: initial; inset-block: initial; inset-inline: initial; block-size: initial; min-block-size: initial; max-block-size: initial; inline-size: initial; min-inline-size: initial; max-inline-size: initial; contain-intrinsic-block-size: initial; contain-intrinsic-inline-size: initial; background: initial; background-blend-mode: initial; border: initial; border-radius: initial; box-decoration-break: initial; -moz-float-edge: initial; display: initial; position: initial; float: initial; clear: initial; vertical-align: initial; baseline-source: initial; overflow: initial; overflow-anchor: initial; transform: initial; rotate: initial; scale: initial; translate: initial; offset: initial; scroll-behavior: initial; scroll-snap-align: initial; scroll-snap-type: initial; scroll-snap-stop: initial; overscroll-behavior: initial; isolation: initial; break-after: initial; break-before: initial; break-inside: initial; resize: initial; perspective: initial; perspective-origin: initial; backface-visibility: initial; transform-box: initial; transform-style: initial; transform-origin: initial; contain: initial; content-visibility: initial; container: initial; appearance: initial; -moz-orient: initial; will-change: initial; shape-image-threshold: initial; shape-margin: initial; shape-outside: initial; touch-action: initial; -webkit-line-clamp: initial; scrollbar-gutter: initial; zoom: initial; columns: initial; column-fill: initial; column-rule: initial; column-span: initial; content: initial; counter-increment: initial; counter-reset: initial; counter-set: initial; opacity: initial; box-shadow: initial; clip: initial; filter: initial; backdrop-filter: initial; mix-blend-mode: initial; font: initial; font-synthesis: initial; font-palette: initial; math-depth: initial; math-style: initial; visibility: initial; writing-mode: initial; text-orientation: initial; print-color-adjust: initial; image-rendering: initial; image-orientation: initial; dominant-baseline: initial; text-anchor: initial; color-interpolation: initial; color-interpolation-filters: initial; fill: initial; fill-opacity: initial; fill-rule: initial; shape-rendering: initial; stroke: initial; stroke-width: initial; stroke-linecap: initial; stroke-linejoin: initial; stroke-miterlimit: initial; stroke-opacity: initial; stroke-dasharray: initial; stroke-dashoffset: initial; clip-rule: initial; marker: initial; paint-order: initial; border-collapse: initial; empty-cells: initial; caption-side: initial; border-spacing: initial; color: initial; text-transform: initial; hyphens: initial; -moz-text-size-adjust: initial; text-indent: initial; overflow-wrap: initial; word-break: initial; text-justify: initial; text-align-last: initial; text-align: initial; letter-spacing: initial; word-spacing: initial; white-space: initial; text-shadow: initial; text-emphasis: initial; text-emphasis-position: initial; tab-size: initial; line-break: initial; -webkit-text-fill-color: initial; -webkit-text-stroke: initial; ruby-align: initial; ruby-position: initial; text-combine-upright: initial; text-rendering: initial; text-underline-offset: initial; text-underline-position: initial; text-decoration-skip-ink: initial; hyphenate-character: initial; forced-color-adjust: initial; -webkit-text-security: initial; text-wrap: initial; cursor: initial; pointer-events: initial; -moz-user-input: initial; -moz-user-modify: initial; caret-color: initial; accent-color: initial; color-scheme: initial; scrollbar-color: initial; list-style: initial; quotes: initial; overflow-clip-margin: initial; scroll-margin: initial; outline: initial; outline-offset: initial; scroll-padding: initial; page: initial; inset: initial; z-index: initial; flex-flow: initial; place-content: initial; place-items: initial; flex: initial; place-self: initial; order: initial; height: initial; min-height: initial; max-height: initial; width: initial; min-width: initial; max-width: initial; box-sizing: initial; object-fit: initial; object-position: initial; grid-area: initial; grid: initial; gap: initial; aspect-ratio: initial; contain-intrinsic-size: initial; vector-effect: initial; stop-color: initial; stop-opacity: initial; flood-color: initial; flood-opacity: initial; lighting-color: initial; mask-type: initial; clip-path: initial; mask: initial; x: initial; y: initial; cx: initial; cy: initial; rx: initial; ry: initial; r: initial; d: initial; table-layout: initial; text-overflow: initial; text-decoration: initial; ime-mode: initial; scrollbar-width: initial; user-select: initial; -moz-window-dragging: initial; -moz-force-broken-image-icon: initial; transition: initial; animation: initial; animation-composition: initial; -moz-box-align: initial; -moz-box-direction: initial; -moz-box-flex: initial; -moz-box-orient: initial; -moz-box-pack: initial; -moz-box-ordinal-group: initial;\">\u00a0<\/li><\/ul>\t\t\t\t\t\t\t\t<\/div>\n\t\t\t\t<\/div>\n\t\t\t\t<div class=\"elementor-element elementor-element-ec84713 elementor-widget elementor-widget-text-editor\" data-id=\"ec84713\" data-element_type=\"widget\" data-widget_type=\"text-editor.default\">\n\t\t\t\t<div class=\"elementor-widget-container\">\n\t\t\t\t\t\t\t\t\t<div><strong>St\u00e4fa <\/strong><strong>Tr\u00fcbelstrasse<\/strong><\/div><ul><li><strong>2021\u00a0 \u00a0Wohnung\u00a0<\/strong><strong>Verkauf<\/strong> und Umbau<\/li><li>\u00a0 \u00a0 \u00a0 \u00a0 \u00a0 \u00a0neues Bad, neue K\u00fcche, neue B\u00f6den<\/li><li>\u00a0 \u00a0 \u00a0 \u00a0 \u00a0 \u00a0Sanit\u00e4rinstallationen ersetzen<\/li><li>\u00a0 \u00a0 \u00a0 \u00a0 \u00a0 \u00a0Baumeister und Plattenlegerarbeiten<\/li><li>\u00a0 \u00a0 \u00a0 \u00a0 \u00a0 \u00a0Garten Unterhalt<\/li><li><strong>2022\u00a0 \u00a0<\/strong>Terrasse Holzdeck<\/li><li>\u00a0 \u00a0 \u00a0 \u00a0 \u00a0 \u00a0Garten Unterhalt<\/li><\/ul>\t\t\t\t\t\t\t\t<\/div>\n\t\t\t\t<\/div>\n\t\t\t\t<div class=\"elementor-element elementor-element-4607949 elementor-widget elementor-widget-text-editor\" data-id=\"4607949\" data-element_type=\"widget\" data-widget_type=\"text-editor.default\">\n\t\t\t\t<div class=\"elementor-widget-container\">\n\t\t\t\t\t\t\t\t\t<strong>St\u00e4fa <strong>Gl\u00e4rnischstrasse\n<\/strong>\n<ul>\n \t<li><strong>2021\u00a0 Einfamilienhaus\u00a0<\/strong><\/li>\n \t<li><strong>\u200b\u200b\u200b\u200b\u200b\u200b\u200b\u00a0 \u00a0 \u00a0 \u00a0 \u00a0\u00a0<\/strong>Umbau K\u00fcche,<\/li>\n \t<li>\u00a0 \u00a0 \u00a0 \u00a0 \u00a0 Sanit\u00e4rinstallationen<\/li>\n \t<li>\u00a0 \u00a0 \u00a0 \u00a0 \u00a0 Heizungsinstallationen, neu Bodenheizung erstellen,<\/li>\n \t<li>\u00a0 \u00a0 \u00a0 \u00a0 \u00a0 Baumeister und Plattenlegerarbeiten<\/li>\n<\/ul>\t\t\t\t\t\t\t\t<\/div>\n\t\t\t\t<\/div>\n\t\t\t\t<div class=\"elementor-element elementor-element-f990d90 elementor-widget elementor-widget-text-editor\" data-id=\"f990d90\" data-element_type=\"widget\" data-widget_type=\"text-editor.default\">\n\t\t\t\t<div class=\"elementor-widget-container\">\n\t\t\t\t\t\t\t\t\t<div><strong>St\u00e4fa\u00a0 Seestrasse<\/strong><\/div><ul><li><strong>2022\u00a0 \u00a0Einfamilienhaus<\/strong><\/li><li><strong>\u00a0 \u00a0 \u00a0 \u00a0 \u00a0 \u00a0<\/strong>Gartenunterhalt<\/li><li>\u00a0 \u00a0 \u00a0 \u00a0 \u00a0 \u00a0Gel\u00e4nder-Handlauf Terrasse und Seeeinstieg\u00a0 (Ufertreppe)<\/li><\/ul>\t\t\t\t\t\t\t\t<\/div>\n\t\t\t\t<\/div>\n\t\t\t\t<div class=\"elementor-element elementor-element-92c860b elementor-widget elementor-widget-text-editor\" data-id=\"92c860b\" data-element_type=\"widget\" data-widget_type=\"text-editor.default\">\n\t\t\t\t<div class=\"elementor-widget-container\">\n\t\t\t\t\t\t\t\t\t<div><strong>Tagelswangen<\/strong><\/div><div><ul><li><strong>2021\u00a0 \u00a0<\/strong><strong>Terrasse<\/strong> Holzdeck\u00a0 ersetzen<\/li><li>\u00a0 \u00a0 \u00a0 \u00a0 \u00a0 \u00a0Unterbau Rahmen neu aus Stahl\u00a0<\/li><li>\u00a0 \u00a0 \u00a0 \u00a0 \u00a0 \u00a0Fundamente\u00a0 erg\u00e4nzen\u00a0 \u00a0<\/li><\/ul><\/div>\t\t\t\t\t\t\t\t<\/div>\n\t\t\t\t<\/div>\n\t\t\t\t<div class=\"elementor-element elementor-element-48d44bd elementor-widget elementor-widget-text-editor\" data-id=\"48d44bd\" data-element_type=\"widget\" data-widget_type=\"text-editor.default\">\n\t\t\t\t<div class=\"elementor-widget-container\">\n\t\t\t\t\t\t\t\t\t<div><strong>Herschmittlen<\/strong><\/div><div><ul><li><strong>2022\u00a0 \u00a0Einfamilienhaus<\/strong><\/li><li><strong>\u00a0 \u00a0 \u00a0 \u00a0 \u00a0 \u00a0<\/strong>Umbau, B\u00f6den neu Bodenheizung<\/li><li>\u00a0 \u00a0 \u00a0 \u00a0 \u00a0 \u00a0Sanit\u00e4rinstallationen<\/li><li>\u00a0 \u00a0 \u00a0 \u00a0 \u00a0 \u00a0Heizungsinstallationen<\/li><li>\u00a0 \u00a0 \u00a0 \u00a0 \u00a0 \u00a0Baumeister und Plattenlegerarbeiten<\/li><\/ul><\/div>\t\t\t\t\t\t\t\t<\/div>\n\t\t\t\t<\/div>\n\t\t\t\t<div class=\"elementor-element elementor-element-91e36ef elementor-widget elementor-widget-text-editor\" data-id=\"91e36ef\" data-element_type=\"widget\" data-widget_type=\"text-editor.default\">\n\t\t\t\t<div class=\"elementor-widget-container\">\n\t\t\t\t\t\t\t\t\t<div><b>Uerikon<\/b><\/div><div><ul><li><strong>2021\u00a0 \u00a0Reihenhaus <\/strong><\/li><li><strong>\u00a0 \u00a0 \u00a0 \u00a0 \u00a0 \u00a0<\/strong>Fassade\u00a0 Sockelbereich\u00a0 Sanieren\u00a0<\/li><li><b>2022\u00a0 \u00a0Reihenhaus\u00a0<\/b>\u00a0 \u00a0 \u00a0 \u00a0\u00a0<\/li><li>\u00a0 \u00a0 \u00a0 \u00a0 \u00a0 \u00a0Umbau K\u00fcche, neu Wohnk\u00fcche,\u00a0und WC\u00a0 neu mit Dusche\u200b\u200b\u200b\u200b\u200b\u200b\u200b<\/li><li>\u00a0 \u00a0 \u00a0 \u00a0 \u00a0 \u00a0Sanit\u00e4rinstallationen<\/li><li>\u00a0 \u00a0 \u00a0 \u00a0 \u00a0 \u00a0Baumeister und Plattenlegerarbeiten<\/li><\/ul><\/div>\t\t\t\t\t\t\t\t<\/div>\n\t\t\t\t<\/div>\n\t\t\t\t<div class=\"elementor-element elementor-element-142472b elementor-widget elementor-widget-text-editor\" data-id=\"142472b\" data-element_type=\"widget\" data-widget_type=\"text-editor.default\">\n\t\t\t\t<div class=\"elementor-widget-container\">\n\t\t\t\t\t\t\t\t\t<div><strong>Uetikon am\u00a0 See<\/strong><\/div><ul><li><strong>2020\u00a0 \u00a0Einfamilienhaus<\/strong><\/li><li><strong>\u00a0 \u00a0 \u00a0 \u00a0 \u00a0\u00a0<\/strong>\u00a0Sanierung Terrasse Abdichtung\u00a0 mit Rubson SL3000, Platten verlegen<\/li><li>\u00a0 \u00a0 \u00a0 \u00a0 \u00a0 \u00a0Dachrinne Ablauf erg\u00e4nzen Anschluss an Kanal-Schacht erstelllen ( beidseitig am Haus)<\/li><li>\u00a0 \u00a0 \u00a0 \u00a0 \u00a0 \u00a0Malerarbeiten Holzfassade<\/li><li>\u00a0 \u00a0 \u00a0 \u00a0 \u00a0 \u00a0Schildkr\u00f6ten Terranium\u00a0 Holzeinfassung 5 x 5m und Zaun ersetzen<\/li><li><strong>2021\u00a0 \u00a0<\/strong><strong>Hundezwinger<\/strong>, 6m\u00a0Holzfassade ersetzen<\/li><li>\u00a0 \u00a0 \u00a0 \u00a0 \u00a0 \u00a0Malerarbeiten Holzbretter\u00a0<\/li><li>\u00a0 \u00a0 \u00a0 \u00a0 \u00a0 \u00a0St\u00e4nderwerk\u00a0 teils ersetzen und verst\u00e4rken, Holzlamellen\u00a0 montieren<\/li><li>\u00a0 \u00a0 \u00a0 \u00a0 \u00a0 \u00a0Abdeckblende, Spenglerarbeiten<\/li><\/ul>\t\t\t\t\t\t\t\t<\/div>\n\t\t\t\t<\/div>\n\t\t\t\t<div class=\"elementor-element elementor-element-a4d7c54 elementor-widget elementor-widget-text-editor\" data-id=\"a4d7c54\" data-element_type=\"widget\" data-widget_type=\"text-editor.default\">\n\t\t\t\t<div class=\"elementor-widget-container\">\n\t\t\t\t\t\t\t\t\t<div><div><strong>Uetikon am\u00a0 See<\/strong><\/div><ul><li><strong>2022\u00a0 \u00a0Mehrfamilienhaus Wohnung<\/strong><\/li><li><strong>\u00a0 \u00a0 \u00a0 \u00a0 \u00a0 \u00a0<\/strong>Bad,\u00a0K\u00fcche<strong>\u00a0,\u00a0<\/strong>Ersatz Armaturen, Lavabo, L\u00fcftung<\/li><\/ul><\/div>\t\t\t\t\t\t\t\t<\/div>\n\t\t\t\t<\/div>\n\t\t\t\t<div class=\"elementor-element elementor-element-e38a335 elementor-widget elementor-widget-text-editor\" data-id=\"e38a335\" data-element_type=\"widget\" data-widget_type=\"text-editor.default\">\n\t\t\t\t<div class=\"elementor-widget-container\">\n\t\t\t\t\t\t\t\t\t<div><strong>Bergdietikon<\/strong><\/div><div><ul><li><strong>2021\u00a0 \u00a0Einfamilenhaus<\/strong><\/li><li>\u00a0 \u00a0 \u00a0 \u00a0 \u00a0 \u00a0neues Bad,\u00a0<\/li><li>\u00a0 \u00a0 \u00a0 \u00a0 \u00a0 \u00a0Sanit\u00e4rinstallationen ersetzen\u00a0<\/li><li>\u00a0 \u00a0 \u00a0 \u00a0 \u00a0 \u00a0Heizungsinstallationen erg\u00e4nzern<\/li><li>\u00a0 \u00a0 \u00a0 \u00a0 \u00a0 \u00a0Baumeister und Plattenlegerarbeiten<\/li><\/ul><\/div>\t\t\t\t\t\t\t\t<\/div>\n\t\t\t\t<\/div>\n\t\t\t\t<div class=\"elementor-element elementor-element-d87df42 elementor-widget elementor-widget-text-editor\" data-id=\"d87df42\" data-element_type=\"widget\" data-widget_type=\"text-editor.default\">\n\t\t\t\t<div class=\"elementor-widget-container\">\n\t\t\t\t\t\t\t\t\t<div><strong>Berikon<\/strong><\/div><div><div><ul><li><strong>2020 \u00a0\u00a0<\/strong><strong>Schwimmbad 8 x 4m sanieren<\/strong><\/li><li>\u00a0 \u00a0 \u00a0 \u00a0 \u00a0 \u00a0Plattenlegerarbeiten\u00a0 \u00a0 \u00a0 \u00a0 \u00a0\u00a0<\/li><li>\u00a0 \u00a0 \u00a0 \u00a0 \u00a0 \u00a0\u00fcber den Winter Notdach erstellen<\/li><li><strong>2021<\/strong>\u00a0 \u00a0fertig gestellt<\/li><\/ul><\/div><\/div>\t\t\t\t\t\t\t\t<\/div>\n\t\t\t\t<\/div>\n\t\t\t\t<div class=\"elementor-element elementor-element-42cd6ca elementor-widget elementor-widget-text-editor\" data-id=\"42cd6ca\" data-element_type=\"widget\" data-widget_type=\"text-editor.default\">\n\t\t\t\t<div class=\"elementor-widget-container\">\n\t\t\t\t\t\t\t\t\t<div><strong>D\u00fcbendorf<\/strong><\/div><div><ul><li><strong>2021\u00a0 \u00a0Einfamilienhaus, Flachdach <\/strong>150m2 mit Rubson SL3000 sanieren<\/li><\/ul><\/div>\t\t\t\t\t\t\t\t<\/div>\n\t\t\t\t<\/div>\n\t\t\t\t<div class=\"elementor-element elementor-element-5bc1c6e elementor-widget elementor-widget-text-editor\" data-id=\"5bc1c6e\" data-element_type=\"widget\" data-widget_type=\"text-editor.default\">\n\t\t\t\t<div class=\"elementor-widget-container\">\n\t\t\t\t\t\t\t\t\t<div><strong>Lachen\u00a0<\/strong><strong>\u00a0 \u00a0 \u00a0 \u00a0 \u00a0 \u00a0 \u00a0 \u00a0 \u00a0 \u00a0\u00a0\u00a0\u00a0 \u00a0<\/strong><\/div><div><ul><li><strong>2020\u00a0 \u00a0Badehaus,\u00a0Flachdach <\/strong>30m2 mit Rubson SL3000 sanieren<b>\u00a0<\/b><\/li><li><strong>2021\u00a0 \u00a0Flachdach <\/strong>40m2 mit Rubson SL3000 sanieren<\/li><li>\u00a0 \u00a0 \u00a0 \u00a0 \u00a0 \u00a0Aussencheminee Einfassung\u00a0 sanieren<\/li><li>\u00a0 \u00a0 \u00a0 \u00a0 \u00a0 \u00a0Markiesenkasten Abdeckung\u00a0 aussen, Wasserschaden, Fassade Aussenblende\u00a0ersetzen.\u00a0<\/li><li>\u00a0 \u00a0 \u00a0 \u00a0 \u00a0 \u00a0Terrasse Dach\u00fcberstand Spenglerarbeiten,\u00a0Abtropfbleche montieren<\/li><li><strong>2022\u00a0 Umbau K\u00fcche<\/strong><\/li><li><strong>\u00a0 \u00a0 \u00a0 \u00a0 \u00a0\u00a0<\/strong>Sanit\u00e4rinstallationen<\/li><li>\u00a0 \u00a0 \u00a0 \u00a0 \u00a0 Baumeister und Plattenlegerarbeiten<\/li><li>\u00a0 \u00a0 \u00a0 \u00a0 \u00a0 alte Bojen im Seefeld austauschen\u00a0<\/li><\/ul><\/div>\t\t\t\t\t\t\t\t<\/div>\n\t\t\t\t<\/div>\n\t\t\t\t<div class=\"elementor-element elementor-element-de31844 elementor-widget elementor-widget-text-editor\" data-id=\"de31844\" data-element_type=\"widget\" data-widget_type=\"text-editor.default\">\n\t\t\t\t<div class=\"elementor-widget-container\">\n\t\t\t\t\t\t\t\t\t<div><strong>Steinhausen ZG<\/strong><\/div><div><ul><li><strong>2022<\/strong>\u00a0 \u00a0<strong>Carport,<\/strong> Dach\u00a0Zementfaserplatten nach Hagelschaden ersetzen\u00a0<\/li><\/ul><\/div>\t\t\t\t\t\t\t\t<\/div>\n\t\t\t\t<\/div>\n\t\t\t\t<div class=\"elementor-element elementor-element-4d929ce elementor-widget elementor-widget-text-editor\" data-id=\"4d929ce\" data-element_type=\"widget\" data-widget_type=\"text-editor.default\">\n\t\t\t\t<div class=\"elementor-widget-container\">\n\t\t\t\t\t\t\t\t\t<div><strong>Weiningen<\/strong><\/div><ul><li><strong>2020\u00a0 \u00a0Umbau Reihenhaus<\/strong><\/li><li>\u00a0 \u00a0 \u00a0 \u00a0 \u00a0 \u00a0neues Bad, und WC<\/li><li>\u00a0 \u00a0 \u00a0 \u00a0 \u00a0 \u00a0Sanit\u00e4rinstallationen ersetzen\u00a0<\/li><li>\u00a0 \u00a0 \u00a0 \u00a0 \u00a0 \u00a0Heizungsinstallationen erg\u00e4nzern<\/li><li>\u00a0 \u00a0 \u00a0 \u00a0 \u00a0 \u00a0Baumeister und Plattenlegerarbeiten<\/li><li>\u00a0 \u00a0 \u00a0 \u00a0 \u00a0 \u00a0Wintergarten d\u00e4mmen, Dach umdecken<\/li><li>\u00a0 \u00a0 \u00a0 \u00a0 \u00a0 \u00a0Spenglerarbeiten<\/li><\/ul>\t\t\t\t\t\t\t\t<\/div>\n\t\t\t\t<\/div>\n\t\t\t\t<div class=\"elementor-element elementor-element-703f858 elementor-widget elementor-widget-text-editor\" data-id=\"703f858\" data-element_type=\"widget\" data-widget_type=\"text-editor.default\">\n\t\t\t\t<div class=\"elementor-widget-container\">\n\t\t\t\t\t\t\t\t\t<div><div><strong>Wollerau<\/strong><\/div><ul><li><strong>2022\u00a0 \u00a0Einfamilienhaus<\/strong><\/li><li><strong>\u00a0 \u00a0 \u00a0 \u00a0 \u00a0 \u00a0<\/strong>Gartenunterhalt<\/li><\/ul><\/div>\t\t\t\t\t\t\t\t<\/div>\n\t\t\t\t<\/div>\n\t\t\t\t<div class=\"elementor-element elementor-element-80af7af elementor-widget elementor-widget-text-editor\" data-id=\"80af7af\" data-element_type=\"widget\" data-widget_type=\"text-editor.default\">\n\t\t\t\t<div class=\"elementor-widget-container\">\n\t\t\t\t\t\t\t\t\t<div><b>Bonstetten <\/b><strong>Umbau Bad<\/strong><\/div><ul><li>\u00a0\u00a0 <strong>2019<\/strong>\u00a0 R\u00fcckbau, Sanit\u00e4rinstallationen, Plattenlegerarbeiten, Malerarbeiten<\/li><li>\u00a0 \u00a0<strong>2021\u00a0\u00a0<\/strong>\u200b\u200b\u200b\u200b\u200b\u200b\u200bGarten Sandkasten aufheben in Pflanzfl\u00e4che \u00e4ndern<\/li><\/ul>\t\t\t\t\t\t\t\t<\/div>\n\t\t\t\t<\/div>\n\t\t\t\t<div class=\"elementor-element elementor-element-ff462d6 elementor-widget elementor-widget-text-editor\" data-id=\"ff462d6\" data-element_type=\"widget\" data-widget_type=\"text-editor.default\">\n\t\t\t\t<div class=\"elementor-widget-container\">\n\t\t\t\t\t\t\t\t\t<div><strong>Z\u00fcrich, Irchelstrasse, Mehrfamilienhaus<\/strong><\/div><ul><li><strong>\u00a0\u00a0 2019\u00a0 <\/strong>Fensterlaibung sanieren<\/li><\/ul>\t\t\t\t\t\t\t\t<\/div>\n\t\t\t\t<\/div>\n\t\t\t\t<div class=\"elementor-element elementor-element-a00844d elementor-widget elementor-widget-text-editor\" data-id=\"a00844d\" data-element_type=\"widget\" data-widget_type=\"text-editor.default\">\n\t\t\t\t<div class=\"elementor-widget-container\">\n\t\t\t\t\t\t\t\t\t<div><strong>Gr\u00fcningen Terrasse sanieren<\/strong><\/div><ul><li>\u00a0 <strong>2019\u00a0<\/strong> R\u00fcckbau<\/li><\/ul>\t\t\t\t\t\t\t\t<\/div>\n\t\t\t\t<\/div>\n\t\t\t\t<div class=\"elementor-element elementor-element-bf46646 elementor-widget elementor-widget-text-editor\" data-id=\"bf46646\" data-element_type=\"widget\" data-widget_type=\"text-editor.default\">\n\t\t\t\t<div class=\"elementor-widget-container\">\n\t\t\t\t\t\t\t\t\t<div><b>Rohrbas\u00a0<\/b><\/div><ul><li><strong>\u00a0\u00a0 2019 Reihenhaus umbauen,<\/strong><\/li><li><strong>\u00a0 \u00a0 \u00a0 \u00a0 \u00a0 \u00a0 \u00a0neues Bad, neue K\u00fcche,<\/strong><\/li><li><strong>\u00a0 \u00a0 \u00a0 \u00a0 \u00a0 \u00a0 \u00a0Keller\u00a0 Waschk\u00fcche einbauen<\/strong><\/li><li><strong>\u00a0 \u00a0 \u00a0 \u00a0 \u00a0 \u00a0 \u00a0Sanit\u00e4rinstallationen ersetzen<\/strong><\/li><\/ul>\t\t\t\t\t\t\t\t<\/div>\n\t\t\t\t<\/div>\n\t\t\t\t<div class=\"elementor-element elementor-element-b81ab31 elementor-widget elementor-widget-text-editor\" data-id=\"b81ab31\" data-element_type=\"widget\" data-widget_type=\"text-editor.default\">\n\t\t\t\t<div class=\"elementor-widget-container\">\n\t\t\t\t\t\t\t\t\t<div><strong>Wetzikon Autogarage<\/strong><\/div><ul><li><b>\u00a0 \u00a0\u00a0 2017<\/b>\u00a0 Ausstellungszelte f\u00fcr PKW aufstellen<\/li><li><strong>\u00a0 \u00a0\u00a0 2018\u00a0<\/strong> verwachsene Parkpl\u00e4tze roden, Baum f\u00e4llen, Erdh\u00fcgel abtragen, Koffermaterial einbringen und verdichten<\/li><li><strong>\u00a0 \u00a0\u00a0 2019\u00a0 <\/strong>Garageneinfahrt mit Verbundsteinen erstellen 300m2, Abschl\u00fcsse mit Koffermaterial und Netstalerkies<\/li><li>\u00a0 \u00a0 \u00a0 \u00a0 \u00a0 \u00a0 \u00a0 Garagenmauerwerk\u00a0 sanieren und abdichten<\/li><li>\u00a0 \u00a0 \u00a0 \u00a0 \u00a0 \u00a0 \u00a0\u00a0 Bootstransporte, Ein-Auswassern<\/li><li>\u00a0 \u00a0 \u00a0 \u00a0 \u00a0 \u00a0 \u00a0\u00a0 Holzrugel spalten<\/li><li>\u00a0 \u00a0 <strong>\u200b\u200b\u200b\u200b\u200b\u200b\u200b 2020\u00a0 <\/strong>Zelt-Autounterstand aufstellen<\/li><li>\u00a0 \u00a0 \u00a0 \u00a0 \u00a0 \u00a0 \u00a0 \u00a0Autounterstand Dach mit Wellblechplatten sanieren<\/li><\/ul>\t\t\t\t\t\t\t\t<\/div>\n\t\t\t\t<\/div>\n\t\t<div class=\"elementor-element elementor-element-821e88f e-con-full e-flex e-con e-child\" data-id=\"821e88f\" data-element_type=\"container\">\n\t\t<div class=\"elementor-element elementor-element-04676e2 e-con-full e-flex e-con e-child\" data-id=\"04676e2\" data-element_type=\"container\">\n\t\t\t\t<div class=\"elementor-element elementor-element-15b35f2 elementor-widget elementor-widget-image\" data-id=\"15b35f2\" data-element_type=\"widget\" data-widget_type=\"image.default\">\n\t\t\t\t<div class=\"elementor-widget-container\">\n\t\t\t\t\t\t\t\t\t\t\t\t\t\t\t<img decoding=\"async\" width=\"1024\" height=\"577\" src=\"https:\/\/tw-bau.ch\/cms\/wp-content\/uploads\/2025\/03\/10131854-Einfahrt_Vorplatz-aab32.w1024.jpg\" class=\"attachment-large size-large wp-image-71\" alt=\"\" srcset=\"https:\/\/tw-bau.ch\/cms\/wp-content\/uploads\/2025\/03\/10131854-Einfahrt_Vorplatz-aab32.w1024.jpg 1024w, https:\/\/tw-bau.ch\/cms\/wp-content\/uploads\/2025\/03\/10131854-Einfahrt_Vorplatz-aab32.w1024-300x169.jpg 300w, https:\/\/tw-bau.ch\/cms\/wp-content\/uploads\/2025\/03\/10131854-Einfahrt_Vorplatz-aab32.w1024-768x433.jpg 768w\" sizes=\"(max-width: 1024px) 100vw, 1024px\" \/>\t\t\t\t\t\t\t\t\t\t\t\t\t\t\t<\/div>\n\t\t\t\t<\/div>\n\t\t\t\t<div class=\"elementor-element elementor-element-f504d32 elementor-widget elementor-widget-heading\" data-id=\"f504d32\" data-element_type=\"widget\" data-widget_type=\"heading.default\">\n\t\t\t\t<div class=\"elementor-widget-container\">\n\t\t\t\t\t<h6 class=\"elementor-heading-title elementor-size-default\">Einfahrt Strasse<\/h6>\t\t\t\t<\/div>\n\t\t\t\t<\/div>\n\t\t\t\t<\/div>\n\t\t<div class=\"elementor-element elementor-element-ab7c5fc e-con-full e-flex e-con e-child\" data-id=\"ab7c5fc\" data-element_type=\"container\">\n\t\t\t\t<div class=\"elementor-element elementor-element-64a26ff elementor-widget elementor-widget-image\" data-id=\"64a26ff\" data-element_type=\"widget\" data-widget_type=\"image.default\">\n\t\t\t\t<div class=\"elementor-widget-container\">\n\t\t\t\t\t\t\t\t\t\t\t\t\t\t\t<img decoding=\"async\" width=\"1024\" height=\"577\" src=\"https:\/\/tw-bau.ch\/cms\/wp-content\/uploads\/2025\/03\/10131845-Verbundstein_Einfahrt_2-c20ad.w1024.jpg\" class=\"attachment-large size-large wp-image-72\" alt=\"\" srcset=\"https:\/\/tw-bau.ch\/cms\/wp-content\/uploads\/2025\/03\/10131845-Verbundstein_Einfahrt_2-c20ad.w1024.jpg 1024w, https:\/\/tw-bau.ch\/cms\/wp-content\/uploads\/2025\/03\/10131845-Verbundstein_Einfahrt_2-c20ad.w1024-300x169.jpg 300w, https:\/\/tw-bau.ch\/cms\/wp-content\/uploads\/2025\/03\/10131845-Verbundstein_Einfahrt_2-c20ad.w1024-768x433.jpg 768w\" sizes=\"(max-width: 1024px) 100vw, 1024px\" \/>\t\t\t\t\t\t\t\t\t\t\t\t\t\t\t<\/div>\n\t\t\t\t<\/div>\n\t\t\t\t<div class=\"elementor-element elementor-element-582e351 elementor-widget elementor-widget-heading\" data-id=\"582e351\" data-element_type=\"widget\" data-widget_type=\"heading.default\">\n\t\t\t\t<div class=\"elementor-widget-container\">\n\t\t\t\t\t<h6 class=\"elementor-heading-title elementor-size-default\">Einfahrt mit Verbundsteinen<\/h6>\t\t\t\t<\/div>\n\t\t\t\t<\/div>\n\t\t\t\t<\/div>\n\t\t<div class=\"elementor-element elementor-element-159e520 e-con-full e-flex e-con e-child\" data-id=\"159e520\" data-element_type=\"container\">\n\t\t\t\t<div class=\"elementor-element elementor-element-90936ea elementor-widget elementor-widget-image\" data-id=\"90936ea\" data-element_type=\"widget\" data-widget_type=\"image.default\">\n\t\t\t\t<div class=\"elementor-widget-container\">\n\t\t\t\t\t\t\t\t\t\t\t\t\t\t\t<img loading=\"lazy\" decoding=\"async\" width=\"1024\" height=\"577\" src=\"https:\/\/tw-bau.ch\/cms\/wp-content\/uploads\/2025\/03\/10131842-Verbundstein_Einfahrt_1-c20ad.w1024.jpg\" class=\"attachment-large size-large wp-image-73\" alt=\"\" srcset=\"https:\/\/tw-bau.ch\/cms\/wp-content\/uploads\/2025\/03\/10131842-Verbundstein_Einfahrt_1-c20ad.w1024.jpg 1024w, https:\/\/tw-bau.ch\/cms\/wp-content\/uploads\/2025\/03\/10131842-Verbundstein_Einfahrt_1-c20ad.w1024-300x169.jpg 300w, https:\/\/tw-bau.ch\/cms\/wp-content\/uploads\/2025\/03\/10131842-Verbundstein_Einfahrt_1-c20ad.w1024-768x433.jpg 768w\" sizes=\"(max-width: 1024px) 100vw, 1024px\" \/>\t\t\t\t\t\t\t\t\t\t\t\t\t\t\t<\/div>\n\t\t\t\t<\/div>\n\t\t\t\t<div class=\"elementor-element elementor-element-82c00fc elementor-widget elementor-widget-heading\" data-id=\"82c00fc\" data-element_type=\"widget\" data-widget_type=\"heading.default\">\n\t\t\t\t<div class=\"elementor-widget-container\">\n\t\t\t\t\t<h6 class=\"elementor-heading-title elementor-size-default\">Einfahrt mit Verbundsteinen<\/h6>\t\t\t\t<\/div>\n\t\t\t\t<\/div>\n\t\t\t\t<\/div>\n\t\t\t\t<\/div>\n\t\t\t\t<div class=\"elementor-element elementor-element-381e497 elementor-widget elementor-widget-text-editor\" data-id=\"381e497\" data-element_type=\"widget\" data-widget_type=\"text-editor.default\">\n\t\t\t\t<div class=\"elementor-widget-container\">\n\t\t\t\t\t\t\t\t\t<div><strong>Rorbas Umbau Flarzhaus<\/strong><\/div><ul><li><strong>\u00a0 \u00a0 \u00a0 \u00a0 2018\u00a0 <\/strong>R\u00fcckbau, Sanit\u00e4rinstallationen, Baumeister-und Plattenlegerarbeiten, Malerarbeiten<\/li><\/ul>\t\t\t\t\t\t\t\t<\/div>\n\t\t\t\t<\/div>\n\t\t\t\t<div class=\"elementor-element elementor-element-79797be elementor-widget elementor-widget-text-editor\" data-id=\"79797be\" data-element_type=\"widget\" data-widget_type=\"text-editor.default\">\n\t\t\t\t<div class=\"elementor-widget-container\">\n\t\t\t\t\t\t\t\t\t<div><strong>Herschmettlen\u00a0<\/strong> <strong>Reihenh\u00e4user<\/strong>,<\/div><ul><li><strong>\u00a0\u00a0\u00a0\u00a0\u00a0\u00a0\u00a0 2017 <\/strong>Ersatz Terrassensichtschutzw\u00e4nde, neu mit\u00a0 ip\u00e9 Holzlamellen\u00a0<\/li><\/ul>\t\t\t\t\t\t\t\t<\/div>\n\t\t\t\t<\/div>\n\t\t<div class=\"elementor-element elementor-element-5ab6bc7 e-con-full e-flex e-con e-child\" data-id=\"5ab6bc7\" data-element_type=\"container\">\n\t\t<div class=\"elementor-element elementor-element-20fd153 e-con-full e-flex e-con e-child\" data-id=\"20fd153\" data-element_type=\"container\">\n\t\t\t\t<div class=\"elementor-element elementor-element-1bebd77 elementor-widget elementor-widget-image\" data-id=\"1bebd77\" data-element_type=\"widget\" data-widget_type=\"image.default\">\n\t\t\t\t<div class=\"elementor-widget-container\">\n\t\t\t\t\t\t\t\t\t\t\t\t\t\t\t<img loading=\"lazy\" decoding=\"async\" width=\"608\" height=\"1024\" src=\"https:\/\/tw-bau.ch\/cms\/wp-content\/uploads\/2025\/03\/8437838-Sichtschutz_Fellamann_1.w1024-608x1024.jpg\" class=\"attachment-large size-large wp-image-74\" alt=\"\" srcset=\"https:\/\/tw-bau.ch\/cms\/wp-content\/uploads\/2025\/03\/8437838-Sichtschutz_Fellamann_1.w1024-608x1024.jpg 608w, https:\/\/tw-bau.ch\/cms\/wp-content\/uploads\/2025\/03\/8437838-Sichtschutz_Fellamann_1.w1024-178x300.jpg 178w, https:\/\/tw-bau.ch\/cms\/wp-content\/uploads\/2025\/03\/8437838-Sichtschutz_Fellamann_1.w1024-768x1293.jpg 768w, https:\/\/tw-bau.ch\/cms\/wp-content\/uploads\/2025\/03\/8437838-Sichtschutz_Fellamann_1.w1024-912x1536.jpg 912w, https:\/\/tw-bau.ch\/cms\/wp-content\/uploads\/2025\/03\/8437838-Sichtschutz_Fellamann_1.w1024.jpg 1024w\" sizes=\"(max-width: 608px) 100vw, 608px\" \/>\t\t\t\t\t\t\t\t\t\t\t\t\t\t\t<\/div>\n\t\t\t\t<\/div>\n\t\t\t\t<div class=\"elementor-element elementor-element-983621d elementor-widget elementor-widget-heading\" data-id=\"983621d\" data-element_type=\"widget\" data-widget_type=\"heading.default\">\n\t\t\t\t<div class=\"elementor-widget-container\">\n\t\t\t\t\t<h6 class=\"elementor-heading-title elementor-size-default\">Holzsichtschutzwand<\/h6>\t\t\t\t<\/div>\n\t\t\t\t<\/div>\n\t\t\t\t<\/div>\n\t\t<div class=\"elementor-element elementor-element-df8b2e6 e-con-full e-flex e-con e-child\" data-id=\"df8b2e6\" data-element_type=\"container\">\n\t\t\t\t<div class=\"elementor-element elementor-element-3bacd78 elementor-widget elementor-widget-image\" data-id=\"3bacd78\" data-element_type=\"widget\" data-widget_type=\"image.default\">\n\t\t\t\t<div class=\"elementor-widget-container\">\n\t\t\t\t\t\t\t\t\t\t\t\t\t\t\t<img loading=\"lazy\" decoding=\"async\" width=\"608\" height=\"1024\" src=\"https:\/\/tw-bau.ch\/cms\/wp-content\/uploads\/2025\/03\/8370956-Sichtschutzwand__mit_Tropenholz.w1024-608x1024.jpg\" class=\"attachment-large size-large wp-image-75\" alt=\"\" srcset=\"https:\/\/tw-bau.ch\/cms\/wp-content\/uploads\/2025\/03\/8370956-Sichtschutzwand__mit_Tropenholz.w1024-608x1024.jpg 608w, https:\/\/tw-bau.ch\/cms\/wp-content\/uploads\/2025\/03\/8370956-Sichtschutzwand__mit_Tropenholz.w1024-178x300.jpg 178w, https:\/\/tw-bau.ch\/cms\/wp-content\/uploads\/2025\/03\/8370956-Sichtschutzwand__mit_Tropenholz.w1024-768x1293.jpg 768w, https:\/\/tw-bau.ch\/cms\/wp-content\/uploads\/2025\/03\/8370956-Sichtschutzwand__mit_Tropenholz.w1024-912x1536.jpg 912w, https:\/\/tw-bau.ch\/cms\/wp-content\/uploads\/2025\/03\/8370956-Sichtschutzwand__mit_Tropenholz.w1024.jpg 1024w\" sizes=\"(max-width: 608px) 100vw, 608px\" \/>\t\t\t\t\t\t\t\t\t\t\t\t\t\t\t<\/div>\n\t\t\t\t<\/div>\n\t\t\t\t<div class=\"elementor-element elementor-element-13039c4 elementor-widget elementor-widget-heading\" data-id=\"13039c4\" data-element_type=\"widget\" data-widget_type=\"heading.default\">\n\t\t\t\t<div class=\"elementor-widget-container\">\n\t\t\t\t\t<h6 class=\"elementor-heading-title elementor-size-default\">Sichtschutz Holzlamellenwand<\/h6>\t\t\t\t<\/div>\n\t\t\t\t<\/div>\n\t\t\t\t<\/div>\n\t\t\t\t<\/div>\n\t\t\t\t<div class=\"elementor-element elementor-element-ce59df9 elementor-widget elementor-widget-text-editor\" data-id=\"ce59df9\" data-element_type=\"widget\" data-widget_type=\"text-editor.default\">\n\t\t\t\t<div class=\"elementor-widget-container\">\n\t\t\t\t\t\t\t\t\t<div><strong>Russikon Umbau und Sanierung Einfamilienhaus<\/strong>:<\/div><ul><li><strong>\u00a0\u00a0\u00a0\u00a0\u00a0\u00a0 2016-2017 <\/strong>R\u00fcckbau und neuer Ausbau, Baumeisterarbeiten, Trockenbau, Plattenlegerarbeiten Kanalisation, Sanit\u00e4r und Heizungsinstallationen<\/li><\/ul>\t\t\t\t\t\t\t\t<\/div>\n\t\t\t\t<\/div>\n\t\t\t\t<div class=\"elementor-element elementor-element-c6c502d elementor-widget elementor-widget-text-editor\" data-id=\"c6c502d\" data-element_type=\"widget\" data-widget_type=\"text-editor.default\">\n\t\t\t\t<div class=\"elementor-widget-container\">\n\t\t\t\t\t\t\t\t\t<div><strong>Thalwil Einfamilienhaus:<\/strong><\/div><ul><li><strong>\u00a0\u00a0\u00a0\u00a0\u00a0\u00a0 2016 <\/strong>Umbau K\u00fcche\u00a0und Bad, Maurer und Sanit\u00e4rarbeiten<\/li><\/ul>\t\t\t\t\t\t\t\t<\/div>\n\t\t\t\t<\/div>\n\t\t\t\t<div class=\"elementor-element elementor-element-ab355df elementor-widget elementor-widget-text-editor\" data-id=\"ab355df\" data-element_type=\"widget\" data-widget_type=\"text-editor.default\">\n\t\t\t\t<div class=\"elementor-widget-container\">\n\t\t\t\t\t\t\t\t\t<div><strong>Forch<\/strong> <strong>Umbau Wohnung<\/strong>:<\/div><ul><li><strong>\u00a0\u00a0\u00a0\u00a0\u00a0\u00a0 2016\u00a0 <\/strong>R\u00fcckbau<strong>, <\/strong>WC und Bad modernisieren, K\u00fcchenumbau, Sanit\u00e4r,\u00a0Trockenbau und Baumeisterarbeiten<\/li><li><strong>\u00a0\u00a0\u00a0\u00a0\u00a0\u00a0 2020\u00a0 <\/strong>Malerarbeiten 5 Zimmer Wohnung<\/li><\/ul>\t\t\t\t\t\t\t\t<\/div>\n\t\t\t\t<\/div>\n\t\t\t\t<div class=\"elementor-element elementor-element-a4735dc elementor-widget elementor-widget-text-editor\" data-id=\"a4735dc\" data-element_type=\"widget\" data-widget_type=\"text-editor.default\">\n\t\t\t\t<div class=\"elementor-widget-container\">\n\t\t\t\t\t\t\t\t\t<div><strong>Erlenbach\u00a0<\/strong><strong>Einfamilienhaus<\/strong> :<\/div><ul><li><strong>\u00a0\u00a0\u00a0\u00a0\u00a0\u00a0 2014\u00a0 <\/strong>Sanierung Schwimmbad Plattenlegerarbeiten<\/li><\/ul>\t\t\t\t\t\t\t\t<\/div>\n\t\t\t\t<\/div>\n\t\t\t\t<div class=\"elementor-element elementor-element-1d7a495 elementor-widget elementor-widget-text-editor\" data-id=\"1d7a495\" data-element_type=\"widget\" data-widget_type=\"text-editor.default\">\n\t\t\t\t<div class=\"elementor-widget-container\">\n\t\t\t\t\t\t\t\t\t<div><strong>St\u00e4fa<\/strong> <strong>Chapfwiesenstrasse, Einfamilienhaus:<\/strong><\/div><ul><li><strong>\u00a0\u00a0\u00a0\u00a0\u00a0\u00a0 2012- 2017 <\/strong>Gartenunterhalt, Reparaturen<\/li><li><strong>\u00a0\u00a0\u00a0\u00a0\u00a0\u00a0 2014 <\/strong>Rasenfl\u00e4chen neu anlegen<\/li><li><strong>\u00a0\u00a0\u00a0\u00a0\u00a0\u00a0 2015 <\/strong>Holzterrassendck mit Itaube Holzlamellen erstellen<\/li><li><strong>\u00a0\u00a0\u00a0\u00a0\u00a0\u00a0 2019 <\/strong>Aussendusche, Plattenlegerarbeiten<\/li><\/ul>\t\t\t\t\t\t\t\t<\/div>\n\t\t\t\t<\/div>\n\t\t<div class=\"elementor-element elementor-element-c0a494e e-con-full e-flex e-con e-child\" data-id=\"c0a494e\" data-element_type=\"container\">\n\t\t\t\t<div class=\"elementor-element elementor-element-f365229 elementor-widget elementor-widget-image\" data-id=\"f365229\" data-element_type=\"widget\" data-widget_type=\"image.default\">\n\t\t\t\t<div class=\"elementor-widget-container\">\n\t\t\t\t\t\t\t\t\t\t\t\t\t\t\t<img loading=\"lazy\" decoding=\"async\" width=\"960\" height=\"320\" src=\"https:\/\/tw-bau.ch\/cms\/wp-content\/uploads\/2025\/03\/7157017-Holzterrasse20Perotti.jpg\" class=\"attachment-large size-large wp-image-23\" alt=\"\" srcset=\"https:\/\/tw-bau.ch\/cms\/wp-content\/uploads\/2025\/03\/7157017-Holzterrasse20Perotti.jpg 960w, https:\/\/tw-bau.ch\/cms\/wp-content\/uploads\/2025\/03\/7157017-Holzterrasse20Perotti-300x100.jpg 300w, https:\/\/tw-bau.ch\/cms\/wp-content\/uploads\/2025\/03\/7157017-Holzterrasse20Perotti-768x256.jpg 768w\" sizes=\"(max-width: 960px) 100vw, 960px\" \/>\t\t\t\t\t\t\t\t\t\t\t\t\t\t\t<\/div>\n\t\t\t\t<\/div>\n\t\t\t\t<div class=\"elementor-element elementor-element-9f495ff elementor-widget elementor-widget-heading\" data-id=\"9f495ff\" data-element_type=\"widget\" data-widget_type=\"heading.default\">\n\t\t\t\t<div class=\"elementor-widget-container\">\n\t\t\t\t\t<h6 class=\"elementor-heading-title elementor-size-default\">Holzterrasse<\/h6>\t\t\t\t<\/div>\n\t\t\t\t<\/div>\n\t\t\t\t<\/div>\n\t\t\t\t<div class=\"elementor-element elementor-element-1bc2f53 elementor-widget elementor-widget-text-editor\" data-id=\"1bc2f53\" data-element_type=\"widget\" data-widget_type=\"text-editor.default\">\n\t\t\t\t<div class=\"elementor-widget-container\">\n\t\t\t\t\t\t\t\t\t<div><strong>St\u00e4fa<\/strong> <strong>Chapfwiesenstrasse, Einfamilienhaus:<\/strong><\/div><ul><li><strong>\u00a0\u00a0\u00a0\u00a0\u00a0\u00a0\u00a0 2014<\/strong> Bruchsteinterrasse sanieren und erg\u00e4nzen<\/li><li><strong>\u00a0\u00a0\u00a0\u00a0\u00a0\u00a0\u00a0 2013 &#8211; 2014<\/strong> Gartenunterhalt,\u00a0Reparaturen<\/li><\/ul>\t\t\t\t\t\t\t\t<\/div>\n\t\t\t\t<\/div>\n\t\t<div class=\"elementor-element elementor-element-70c25cb e-con-full e-flex e-con e-child\" data-id=\"70c25cb\" data-element_type=\"container\">\n\t\t<div class=\"elementor-element elementor-element-af97317 e-con-full e-flex e-con e-child\" data-id=\"af97317\" data-element_type=\"container\">\n\t\t\t\t<div class=\"elementor-element elementor-element-33d2231 elementor-widget elementor-widget-image\" data-id=\"33d2231\" data-element_type=\"widget\" data-widget_type=\"image.default\">\n\t\t\t\t<div class=\"elementor-widget-container\">\n\t\t\t\t\t\t\t\t\t\t\t\t\t\t\t<img loading=\"lazy\" decoding=\"async\" width=\"1024\" height=\"608\" src=\"https:\/\/tw-bau.ch\/cms\/wp-content\/uploads\/2025\/03\/7157038-Pezinka20Terrasse20mit20Bruchsteinplatten20erstellt205-1024x608.jpg\" class=\"attachment-large size-large wp-image-76\" alt=\"\" srcset=\"https:\/\/tw-bau.ch\/cms\/wp-content\/uploads\/2025\/03\/7157038-Pezinka20Terrasse20mit20Bruchsteinplatten20erstellt205-1024x608.jpg 1024w, https:\/\/tw-bau.ch\/cms\/wp-content\/uploads\/2025\/03\/7157038-Pezinka20Terrasse20mit20Bruchsteinplatten20erstellt205-300x178.jpg 300w, https:\/\/tw-bau.ch\/cms\/wp-content\/uploads\/2025\/03\/7157038-Pezinka20Terrasse20mit20Bruchsteinplatten20erstellt205-768x456.jpg 768w, https:\/\/tw-bau.ch\/cms\/wp-content\/uploads\/2025\/03\/7157038-Pezinka20Terrasse20mit20Bruchsteinplatten20erstellt205.jpg 1500w\" sizes=\"(max-width: 1024px) 100vw, 1024px\" \/>\t\t\t\t\t\t\t\t\t\t\t\t\t\t\t<\/div>\n\t\t\t\t<\/div>\n\t\t\t\t<div class=\"elementor-element elementor-element-a42df18 elementor-widget elementor-widget-heading\" data-id=\"a42df18\" data-element_type=\"widget\" data-widget_type=\"heading.default\">\n\t\t\t\t<div class=\"elementor-widget-container\">\n\t\t\t\t\t<h6 class=\"elementor-heading-title elementor-size-default\">Bruchsteinterrasse Sanierung<\/h6>\t\t\t\t<\/div>\n\t\t\t\t<\/div>\n\t\t\t\t<\/div>\n\t\t<div class=\"elementor-element elementor-element-3cff2ec e-con-full e-flex e-con e-child\" data-id=\"3cff2ec\" data-element_type=\"container\">\n\t\t\t\t<div class=\"elementor-element elementor-element-88415c8 elementor-widget elementor-widget-image\" data-id=\"88415c8\" data-element_type=\"widget\" data-widget_type=\"image.default\">\n\t\t\t\t<div class=\"elementor-widget-container\">\n\t\t\t\t\t\t\t\t\t\t\t\t\t\t\t<img loading=\"lazy\" decoding=\"async\" width=\"1024\" height=\"608\" src=\"https:\/\/tw-bau.ch\/cms\/wp-content\/uploads\/2025\/03\/8371028-Pezinka_Terrasse_mit_Bruchsteinplatten_erstellt_6.w1024.jpg\" class=\"attachment-large size-large wp-image-77\" alt=\"\" srcset=\"https:\/\/tw-bau.ch\/cms\/wp-content\/uploads\/2025\/03\/8371028-Pezinka_Terrasse_mit_Bruchsteinplatten_erstellt_6.w1024.jpg 1024w, https:\/\/tw-bau.ch\/cms\/wp-content\/uploads\/2025\/03\/8371028-Pezinka_Terrasse_mit_Bruchsteinplatten_erstellt_6.w1024-300x178.jpg 300w, https:\/\/tw-bau.ch\/cms\/wp-content\/uploads\/2025\/03\/8371028-Pezinka_Terrasse_mit_Bruchsteinplatten_erstellt_6.w1024-768x456.jpg 768w\" sizes=\"(max-width: 1024px) 100vw, 1024px\" \/>\t\t\t\t\t\t\t\t\t\t\t\t\t\t\t<\/div>\n\t\t\t\t<\/div>\n\t\t\t\t<div class=\"elementor-element elementor-element-a10cb36 elementor-widget elementor-widget-heading\" data-id=\"a10cb36\" data-element_type=\"widget\" data-widget_type=\"heading.default\">\n\t\t\t\t<div class=\"elementor-widget-container\">\n\t\t\t\t\t<h6 class=\"elementor-heading-title elementor-size-default\">Bruchsteinterrasse Erweiterung<\/h6>\t\t\t\t<\/div>\n\t\t\t\t<\/div>\n\t\t\t\t<\/div>\n\t\t\t\t<\/div>\n\t\t\t\t<div class=\"elementor-element elementor-element-aac8f27 elementor-widget elementor-widget-text-editor\" data-id=\"aac8f27\" data-element_type=\"widget\" data-widget_type=\"text-editor.default\">\n\t\t\t\t<div class=\"elementor-widget-container\">\n\t\t\t\t\t\t\t\t\t<div><strong>St\u00e4fa, <\/strong><strong>Dorfstrasse, Remise, Scheune:<\/strong><\/div><ul><li><strong>\u00a0\u00a0\u00a0\u00a0\u00a0\u00a0 2013-2014 <\/strong>Ausbau Remise, Einbau einer Wohnung, Aufbau Unterstand (unter Heimatschutz)<\/li><li>\u00a0 \u00a0 \u00a0 \u00a0 \u00a0 \u00a0 \u00a0 \u00a0 \u00a0\u00a0\u00a0\u00a0\u00a0\u00a0\u00a0\u00a0\u00a0\u00a0\u00a0 Baumeister, Sanit\u00e4r, Heizung, Spengler, Dachdecker, Plattenlegerarbeiten, Trockenbau, Kanalisation,<\/li><li>\u00a0\u00a0\u00a0\u00a0\u00a0\u00a0\u00a0\u00a0\u00a0\u00a0\u00a0\u00a0\u00a0\u00a0\u00a0\u00a0\u00a0\u00a0\u00a0\u00a0\u00a0\u00a0\u00a0\u00a0\u00a0\u00a0\u00a0 Erd-Regenwassertank<\/li><li>\u00a0\u00a0\u00a0\u00a0\u00a0\u00a0\u00a0\u00a0\u00a0\u00a0\u00a0\u00a0\u00a0\u00a0\u00a0\u00a0\u00a0\u00a0\u00a0\u00a0\u00a0\u00a0\u00a0\u00a0\u00a0\u00a0\u00a0 Gartengestaltung, Anlegen der Umgebung<\/li><li><strong>\u00a0\u00a0\u00a0\u00a0\u00a0\u00a0\u00a0 2019\u00a0\u00a0\u00a0\u00a0\u00a0\u00a0\u00a0\u00a0\u00a0\u00a0 <\/strong>Bad neue Dusche, WC und Keller, Sanit\u00e4rinstallationen und Plattenlegerarbeiten<\/li><li>\u00a0\u00a0\u00a0\u00a0\u00a0\u00a0\u00a0 <strong>2020\u00a0\u00a0\u00a0\u00a0\u00a0\u00a0\u00a0\u00a0\u00a0\u00a0 <\/strong>Erstellen neuer Unterstand, Holzst\u00e4nderwerk\u00a0 mit Punktfundamenten\u200b\u200b\u200b\u200b\u200b\u200b\u200b<\/li><\/ul>\t\t\t\t\t\t\t\t<\/div>\n\t\t\t\t<\/div>\n\t\t<div class=\"elementor-element elementor-element-cb42812 e-con-full e-flex e-con e-child\" data-id=\"cb42812\" data-element_type=\"container\">\n\t\t<div class=\"elementor-element elementor-element-9a30468 e-con-full e-flex e-con e-child\" data-id=\"9a30468\" data-element_type=\"container\">\n\t\t\t\t<div class=\"elementor-element elementor-element-fde1b5e elementor-widget elementor-widget-image\" data-id=\"fde1b5e\" data-element_type=\"widget\" data-widget_type=\"image.default\">\n\t\t\t\t<div class=\"elementor-widget-container\">\n\t\t\t\t\t\t\t\t\t\t\t\t\t\t\t<img loading=\"lazy\" decoding=\"async\" width=\"1024\" height=\"608\" src=\"https:\/\/tw-bau.ch\/cms\/wp-content\/uploads\/2025\/03\/8422145-Gartenhaus_2.w1024.jpg\" class=\"attachment-large size-large wp-image-89\" alt=\"\" srcset=\"https:\/\/tw-bau.ch\/cms\/wp-content\/uploads\/2025\/03\/8422145-Gartenhaus_2.w1024.jpg 1024w, https:\/\/tw-bau.ch\/cms\/wp-content\/uploads\/2025\/03\/8422145-Gartenhaus_2.w1024-300x178.jpg 300w, https:\/\/tw-bau.ch\/cms\/wp-content\/uploads\/2025\/03\/8422145-Gartenhaus_2.w1024-768x456.jpg 768w\" sizes=\"(max-width: 1024px) 100vw, 1024px\" \/>\t\t\t\t\t\t\t\t\t\t\t\t\t\t\t<\/div>\n\t\t\t\t<\/div>\n\t\t\t\t<div class=\"elementor-element elementor-element-23ddce6 elementor-widget elementor-widget-heading\" data-id=\"23ddce6\" data-element_type=\"widget\" data-widget_type=\"heading.default\">\n\t\t\t\t<div class=\"elementor-widget-container\">\n\t\t\t\t\t<h6 class=\"elementor-heading-title elementor-size-default\">Gartenhaus<\/h6>\t\t\t\t<\/div>\n\t\t\t\t<\/div>\n\t\t\t\t<\/div>\n\t\t<div class=\"elementor-element elementor-element-2bb2aaf e-con-full e-flex e-con e-child\" data-id=\"2bb2aaf\" data-element_type=\"container\">\n\t\t\t\t<div class=\"elementor-element elementor-element-57e6e82 elementor-widget elementor-widget-image\" data-id=\"57e6e82\" data-element_type=\"widget\" data-widget_type=\"image.default\">\n\t\t\t\t<div class=\"elementor-widget-container\">\n\t\t\t\t\t\t\t\t\t\t\t\t\t\t\t<img loading=\"lazy\" decoding=\"async\" width=\"1024\" height=\"768\" src=\"https:\/\/tw-bau.ch\/cms\/wp-content\/uploads\/2025\/03\/7161274-P1010216-1024x768.jpg\" class=\"attachment-large size-large wp-image-80\" alt=\"\" srcset=\"https:\/\/tw-bau.ch\/cms\/wp-content\/uploads\/2025\/03\/7161274-P1010216-1024x768.jpg 1024w, https:\/\/tw-bau.ch\/cms\/wp-content\/uploads\/2025\/03\/7161274-P1010216-300x225.jpg 300w, https:\/\/tw-bau.ch\/cms\/wp-content\/uploads\/2025\/03\/7161274-P1010216-768x576.jpg 768w, https:\/\/tw-bau.ch\/cms\/wp-content\/uploads\/2025\/03\/7161274-P1010216.jpg 1500w\" sizes=\"(max-width: 1024px) 100vw, 1024px\" \/>\t\t\t\t\t\t\t\t\t\t\t\t\t\t\t<\/div>\n\t\t\t\t<\/div>\n\t\t\t\t<div class=\"elementor-element elementor-element-ad8ad4c elementor-widget elementor-widget-heading\" data-id=\"ad8ad4c\" data-element_type=\"widget\" data-widget_type=\"heading.default\">\n\t\t\t\t<div class=\"elementor-widget-container\">\n\t\t\t\t\t<h6 class=\"elementor-heading-title elementor-size-default\">Terrasse mit Itauba Holzlamellen\nerstellen<\/h6>\t\t\t\t<\/div>\n\t\t\t\t<\/div>\n\t\t\t\t<\/div>\n\t\t\t\t<\/div>\n\t\t<div class=\"elementor-element elementor-element-8479a1b e-con-full e-flex e-con e-child\" data-id=\"8479a1b\" data-element_type=\"container\">\n\t\t<div class=\"elementor-element elementor-element-bee2f49 e-con-full e-flex e-con e-child\" data-id=\"bee2f49\" data-element_type=\"container\">\n\t\t\t\t<div class=\"elementor-element elementor-element-64fda3a elementor-widget elementor-widget-image\" data-id=\"64fda3a\" data-element_type=\"widget\" data-widget_type=\"image.default\">\n\t\t\t\t<div class=\"elementor-widget-container\">\n\t\t\t\t\t\t\t\t\t\t\t\t\t\t\t<img loading=\"lazy\" decoding=\"async\" width=\"1024\" height=\"768\" src=\"https:\/\/tw-bau.ch\/cms\/wp-content\/uploads\/2025\/03\/7162211-P1010015-1024x768.jpg\" class=\"attachment-large size-large wp-image-78\" alt=\"\" srcset=\"https:\/\/tw-bau.ch\/cms\/wp-content\/uploads\/2025\/03\/7162211-P1010015-1024x768.jpg 1024w, https:\/\/tw-bau.ch\/cms\/wp-content\/uploads\/2025\/03\/7162211-P1010015-300x225.jpg 300w, https:\/\/tw-bau.ch\/cms\/wp-content\/uploads\/2025\/03\/7162211-P1010015-768x576.jpg 768w, https:\/\/tw-bau.ch\/cms\/wp-content\/uploads\/2025\/03\/7162211-P1010015.jpg 1500w\" sizes=\"(max-width: 1024px) 100vw, 1024px\" \/>\t\t\t\t\t\t\t\t\t\t\t\t\t\t\t<\/div>\n\t\t\t\t<\/div>\n\t\t\t\t<div class=\"elementor-element elementor-element-9da7b6e elementor-widget elementor-widget-heading\" data-id=\"9da7b6e\" data-element_type=\"widget\" data-widget_type=\"heading.default\">\n\t\t\t\t<div class=\"elementor-widget-container\">\n\t\t\t\t\t<h6 class=\"elementor-heading-title elementor-size-default\">Gartengestaltung mit\nErd-Regenwassertank<\/h6>\t\t\t\t<\/div>\n\t\t\t\t<\/div>\n\t\t\t\t<\/div>\n\t\t<div class=\"elementor-element elementor-element-f28aca2 e-con-full e-flex e-con e-child\" data-id=\"f28aca2\" data-element_type=\"container\">\n\t\t\t\t<div class=\"elementor-element elementor-element-5650448 elementor-widget elementor-widget-image\" data-id=\"5650448\" data-element_type=\"widget\" data-widget_type=\"image.default\">\n\t\t\t\t<div class=\"elementor-widget-container\">\n\t\t\t\t\t\t\t\t\t\t\t\t\t\t\t<img loading=\"lazy\" decoding=\"async\" width=\"1024\" height=\"608\" src=\"https:\/\/tw-bau.ch\/cms\/wp-content\/uploads\/2025\/03\/7157062-IMAG0033-1-1024x608.jpg\" class=\"attachment-large size-large wp-image-81\" alt=\"\" srcset=\"https:\/\/tw-bau.ch\/cms\/wp-content\/uploads\/2025\/03\/7157062-IMAG0033-1-1024x608.jpg 1024w, https:\/\/tw-bau.ch\/cms\/wp-content\/uploads\/2025\/03\/7157062-IMAG0033-1-300x178.jpg 300w, https:\/\/tw-bau.ch\/cms\/wp-content\/uploads\/2025\/03\/7157062-IMAG0033-1-768x456.jpg 768w, https:\/\/tw-bau.ch\/cms\/wp-content\/uploads\/2025\/03\/7157062-IMAG0033-1.jpg 1500w\" sizes=\"(max-width: 1024px) 100vw, 1024px\" \/>\t\t\t\t\t\t\t\t\t\t\t\t\t\t\t<\/div>\n\t\t\t\t<\/div>\n\t\t\t\t<div class=\"elementor-element elementor-element-acc1985 elementor-widget elementor-widget-heading\" data-id=\"acc1985\" data-element_type=\"widget\" data-widget_type=\"heading.default\">\n\t\t\t\t<div class=\"elementor-widget-container\">\n\t\t\t\t\t<h6 class=\"elementor-heading-title elementor-size-default\">Gartengestaltung<\/h6>\t\t\t\t<\/div>\n\t\t\t\t<\/div>\n\t\t\t\t<\/div>\n\t\t\t\t<\/div>\n\t\t<div class=\"elementor-element elementor-element-e1440f3 e-con-full e-flex e-con e-child\" data-id=\"e1440f3\" data-element_type=\"container\">\n\t\t<div class=\"elementor-element elementor-element-6f76104 e-con-full e-flex e-con e-child\" data-id=\"6f76104\" data-element_type=\"container\">\n\t\t\t\t<div class=\"elementor-element elementor-element-f2a42df elementor-widget elementor-widget-image\" data-id=\"f2a42df\" data-element_type=\"widget\" data-widget_type=\"image.default\">\n\t\t\t\t<div class=\"elementor-widget-container\">\n\t\t\t\t\t\t\t\t\t\t\t\t\t\t\t<img loading=\"lazy\" decoding=\"async\" width=\"768\" height=\"1024\" src=\"https:\/\/tw-bau.ch\/cms\/wp-content\/uploads\/2025\/03\/7162216-PICT0387-768x1024.jpg\" class=\"attachment-large size-large wp-image-82\" alt=\"\" srcset=\"https:\/\/tw-bau.ch\/cms\/wp-content\/uploads\/2025\/03\/7162216-PICT0387-768x1024.jpg 768w, https:\/\/tw-bau.ch\/cms\/wp-content\/uploads\/2025\/03\/7162216-PICT0387-225x300.jpg 225w, https:\/\/tw-bau.ch\/cms\/wp-content\/uploads\/2025\/03\/7162216-PICT0387-1152x1536.jpg 1152w, https:\/\/tw-bau.ch\/cms\/wp-content\/uploads\/2025\/03\/7162216-PICT0387.jpg 1500w\" sizes=\"(max-width: 768px) 100vw, 768px\" \/>\t\t\t\t\t\t\t\t\t\t\t\t\t\t\t<\/div>\n\t\t\t\t<\/div>\n\t\t\t\t<div class=\"elementor-element elementor-element-3ab2011 elementor-widget elementor-widget-heading\" data-id=\"3ab2011\" data-element_type=\"widget\" data-widget_type=\"heading.default\">\n\t\t\t\t<div class=\"elementor-widget-container\">\n\t\t\t\t\t<h6 class=\"elementor-heading-title elementor-size-default\">Keller mauern<\/h6>\t\t\t\t<\/div>\n\t\t\t\t<\/div>\n\t\t\t\t<\/div>\n\t\t<div class=\"elementor-element elementor-element-457cf89 e-con-full e-flex e-con e-child\" data-id=\"457cf89\" data-element_type=\"container\">\n\t\t\t\t<div class=\"elementor-element elementor-element-8114c24 elementor-widget elementor-widget-image\" data-id=\"8114c24\" data-element_type=\"widget\" data-widget_type=\"image.default\">\n\t\t\t\t<div class=\"elementor-widget-container\">\n\t\t\t\t\t\t\t\t\t\t\t\t\t\t\t<img loading=\"lazy\" decoding=\"async\" width=\"768\" height=\"1024\" src=\"https:\/\/tw-bau.ch\/cms\/wp-content\/uploads\/2025\/03\/8422181-PICT0446.w1024-768x1024.jpg\" class=\"attachment-large size-large wp-image-86\" alt=\"\" srcset=\"https:\/\/tw-bau.ch\/cms\/wp-content\/uploads\/2025\/03\/8422181-PICT0446.w1024-768x1024.jpg 768w, https:\/\/tw-bau.ch\/cms\/wp-content\/uploads\/2025\/03\/8422181-PICT0446.w1024-225x300.jpg 225w, https:\/\/tw-bau.ch\/cms\/wp-content\/uploads\/2025\/03\/8422181-PICT0446.w1024.jpg 1024w\" sizes=\"(max-width: 768px) 100vw, 768px\" \/>\t\t\t\t\t\t\t\t\t\t\t\t\t\t\t<\/div>\n\t\t\t\t<\/div>\n\t\t\t\t<div class=\"elementor-element elementor-element-ea9d430 elementor-widget elementor-widget-heading\" data-id=\"ea9d430\" data-element_type=\"widget\" data-widget_type=\"heading.default\">\n\t\t\t\t<div class=\"elementor-widget-container\">\n\t\t\t\t\t<h6 class=\"elementor-heading-title elementor-size-default\">Zwischengeschossdecke\nschalen und betonieren<\/h6>\t\t\t\t<\/div>\n\t\t\t\t<\/div>\n\t\t\t\t<\/div>\n\t\t\t\t<\/div>\n\t\t<div class=\"elementor-element elementor-element-2dd1ee3 e-con-full e-flex e-con e-child\" data-id=\"2dd1ee3\" data-element_type=\"container\">\n\t\t<div class=\"elementor-element elementor-element-584387a e-con-full e-flex e-con e-child\" data-id=\"584387a\" data-element_type=\"container\">\n\t\t\t\t<div class=\"elementor-element elementor-element-3dcd9cf elementor-widget elementor-widget-image\" data-id=\"3dcd9cf\" data-element_type=\"widget\" data-widget_type=\"image.default\">\n\t\t\t\t<div class=\"elementor-widget-container\">\n\t\t\t\t\t\t\t\t\t\t\t\t\t\t\t<img loading=\"lazy\" decoding=\"async\" width=\"1024\" height=\"608\" src=\"https:\/\/tw-bau.ch\/cms\/wp-content\/uploads\/2025\/03\/8437823-Kanalisation.w1024.jpg\" class=\"attachment-large size-large wp-image-88\" alt=\"\" srcset=\"https:\/\/tw-bau.ch\/cms\/wp-content\/uploads\/2025\/03\/8437823-Kanalisation.w1024.jpg 1024w, https:\/\/tw-bau.ch\/cms\/wp-content\/uploads\/2025\/03\/8437823-Kanalisation.w1024-300x178.jpg 300w, https:\/\/tw-bau.ch\/cms\/wp-content\/uploads\/2025\/03\/8437823-Kanalisation.w1024-768x456.jpg 768w\" sizes=\"(max-width: 1024px) 100vw, 1024px\" \/>\t\t\t\t\t\t\t\t\t\t\t\t\t\t\t<\/div>\n\t\t\t\t<\/div>\n\t\t\t\t<div class=\"elementor-element elementor-element-965f422 elementor-widget elementor-widget-heading\" data-id=\"965f422\" data-element_type=\"widget\" data-widget_type=\"heading.default\">\n\t\t\t\t<div class=\"elementor-widget-container\">\n\t\t\t\t\t<h6 class=\"elementor-heading-title elementor-size-default\">Kanalisation<\/h6>\t\t\t\t<\/div>\n\t\t\t\t<\/div>\n\t\t\t\t<\/div>\n\t\t<div class=\"elementor-element elementor-element-d842f39 e-con-full e-flex e-con e-child\" data-id=\"d842f39\" data-element_type=\"container\">\n\t\t\t\t<div class=\"elementor-element elementor-element-ed587a1 elementor-widget elementor-widget-image\" data-id=\"ed587a1\" data-element_type=\"widget\" data-widget_type=\"image.default\">\n\t\t\t\t<div class=\"elementor-widget-container\">\n\t\t\t\t\t\t\t\t\t\t\t\t\t\t\t<img loading=\"lazy\" decoding=\"async\" width=\"1024\" height=\"608\" src=\"https:\/\/tw-bau.ch\/cms\/wp-content\/uploads\/2025\/03\/7157062-IMAG0033-1-1024x608.jpg\" class=\"attachment-large size-large wp-image-81\" alt=\"\" srcset=\"https:\/\/tw-bau.ch\/cms\/wp-content\/uploads\/2025\/03\/7157062-IMAG0033-1-1024x608.jpg 1024w, https:\/\/tw-bau.ch\/cms\/wp-content\/uploads\/2025\/03\/7157062-IMAG0033-1-300x178.jpg 300w, https:\/\/tw-bau.ch\/cms\/wp-content\/uploads\/2025\/03\/7157062-IMAG0033-1-768x456.jpg 768w, https:\/\/tw-bau.ch\/cms\/wp-content\/uploads\/2025\/03\/7157062-IMAG0033-1.jpg 1500w\" sizes=\"(max-width: 1024px) 100vw, 1024px\" \/>\t\t\t\t\t\t\t\t\t\t\t\t\t\t\t<\/div>\n\t\t\t\t<\/div>\n\t\t\t\t<div class=\"elementor-element elementor-element-e33e5bd elementor-widget elementor-widget-heading\" data-id=\"e33e5bd\" data-element_type=\"widget\" data-widget_type=\"heading.default\">\n\t\t\t\t<div class=\"elementor-widget-container\">\n\t\t\t\t\t<h6 class=\"elementor-heading-title elementor-size-default\">Regenwassertank einbauen<\/h6>\t\t\t\t<\/div>\n\t\t\t\t<\/div>\n\t\t\t\t<\/div>\n\t\t\t\t<\/div>\n\t\t\t\t<div class=\"elementor-element elementor-element-757e103 elementor-widget elementor-widget-text-editor\" data-id=\"757e103\" data-element_type=\"widget\" data-widget_type=\"text-editor.default\">\n\t\t\t\t<div class=\"elementor-widget-container\">\n\t\t\t\t\t\t\t\t\t<div><strong>Dietlikon Sonnenb\u00fchlstrasse 14, Einfamilienhaus:<\/strong><\/div><ul><li><strong>\u00a0\u00a0\u00a0\u00a0\u00a0\u00a0 2012 &#8211; 2014<\/strong>\u00a0 Umbau und Sanierung, Sanit\u00e4r, Heizung, Baumeister- und\u00a0 Plattenlegerarbeiten, Trockenbau,<strong>\u00a0<\/strong>Gartenzaun, Plattenterrassen, Gartenhaus bauen<\/li><\/ul>\t\t\t\t\t\t\t\t<\/div>\n\t\t\t\t<\/div>\n\t\t<div class=\"elementor-element elementor-element-9ea344c e-con-full e-flex e-con e-child\" data-id=\"9ea344c\" data-element_type=\"container\">\n\t\t<div class=\"elementor-element elementor-element-a3688f5 e-con-full e-flex e-con e-child\" data-id=\"a3688f5\" data-element_type=\"container\">\n\t\t\t\t<div class=\"elementor-element elementor-element-1237adb elementor-widget elementor-widget-image\" data-id=\"1237adb\" data-element_type=\"widget\" data-widget_type=\"image.default\">\n\t\t\t\t<div class=\"elementor-widget-container\">\n\t\t\t\t\t\t\t\t\t\t\t\t\t\t\t<img fetchpriority=\"high\" decoding=\"async\" width=\"710\" height=\"421\" src=\"https:\/\/tw-bau.ch\/cms\/wp-content\/uploads\/2025\/03\/1636993-9bf7bf02cee06211ffff82587f000101.jpg\" class=\"attachment-large size-large wp-image-70\" alt=\"\" srcset=\"https:\/\/tw-bau.ch\/cms\/wp-content\/uploads\/2025\/03\/1636993-9bf7bf02cee06211ffff82587f000101.jpg 710w, https:\/\/tw-bau.ch\/cms\/wp-content\/uploads\/2025\/03\/1636993-9bf7bf02cee06211ffff82587f000101-300x178.jpg 300w\" sizes=\"(max-width: 710px) 100vw, 710px\" \/>\t\t\t\t\t\t\t\t\t\t\t\t\t\t\t<\/div>\n\t\t\t\t<\/div>\n\t\t\t\t<div class=\"elementor-element elementor-element-29b5b81 elementor-widget elementor-widget-heading\" data-id=\"29b5b81\" data-element_type=\"widget\" data-widget_type=\"heading.default\">\n\t\t\t\t<div class=\"elementor-widget-container\">\n\t\t\t\t\t<h6 class=\"elementor-heading-title elementor-size-default\">Granitplatten Terrasse<\/h6>\t\t\t\t<\/div>\n\t\t\t\t<\/div>\n\t\t\t\t<\/div>\n\t\t<div class=\"elementor-element elementor-element-52c0ba3 e-con-full e-flex e-con e-child\" data-id=\"52c0ba3\" data-element_type=\"container\">\n\t\t\t\t<div class=\"elementor-element elementor-element-4335586 elementor-widget elementor-widget-image\" data-id=\"4335586\" data-element_type=\"widget\" data-widget_type=\"image.default\">\n\t\t\t\t<div class=\"elementor-widget-container\">\n\t\t\t\t\t\t\t\t\t\t\t\t\t\t\t<img loading=\"lazy\" decoding=\"async\" width=\"640\" height=\"480\" src=\"https:\/\/tw-bau.ch\/cms\/wp-content\/uploads\/2025\/03\/1636995-ce0b23ecd472a7ccffff83d7a426365.jpg\" class=\"attachment-large size-large wp-image-90\" alt=\"\" srcset=\"https:\/\/tw-bau.ch\/cms\/wp-content\/uploads\/2025\/03\/1636995-ce0b23ecd472a7ccffff83d7a426365.jpg 640w, https:\/\/tw-bau.ch\/cms\/wp-content\/uploads\/2025\/03\/1636995-ce0b23ecd472a7ccffff83d7a426365-300x225.jpg 300w\" sizes=\"(max-width: 640px) 100vw, 640px\" \/>\t\t\t\t\t\t\t\t\t\t\t\t\t\t\t<\/div>\n\t\t\t\t<\/div>\n\t\t\t\t<div class=\"elementor-element elementor-element-af1a92c elementor-widget elementor-widget-heading\" data-id=\"af1a92c\" data-element_type=\"widget\" data-widget_type=\"heading.default\">\n\t\t\t\t<div class=\"elementor-widget-container\">\n\t\t\t\t\t<h6 class=\"elementor-heading-title elementor-size-default\">Einfriedung, Diagonalgeflechtzaun<\/h6>\t\t\t\t<\/div>\n\t\t\t\t<\/div>\n\t\t\t\t<\/div>\n\t\t\t\t<\/div>\n\t\t\t\t<div class=\"elementor-element elementor-element-64b82f8 elementor-widget elementor-widget-text-editor\" data-id=\"64b82f8\" data-element_type=\"widget\" data-widget_type=\"text-editor.default\">\n\t\t\t\t<div class=\"elementor-widget-container\">\n\t\t\t\t\t\t\t\t\t<div><strong>Zollikon <\/strong><strong>Zollikerstrasse Mehrfamilienhaus<\/strong>:<\/div><ul><li><strong>\u00a0\u00a0\u00a0\u00a0\u00a0\u00a0 2011 &#8211; 2014<\/strong> Umbau und Sanierung, Sanit\u00e4r, Baumeister &#8211; und Plattenlegerarbeiten,\u00a0Trockenbau<strong>\u00a0<\/strong><\/li><\/ul>\t\t\t\t\t\t\t\t<\/div>\n\t\t\t\t<\/div>\n\t\t<div class=\"elementor-element elementor-element-82d23b7 e-con-full e-flex e-con e-child\" data-id=\"82d23b7\" data-element_type=\"container\">\n\t\t<div class=\"elementor-element elementor-element-9febcc1 e-con-full e-flex e-con e-child\" data-id=\"9febcc1\" data-element_type=\"container\">\n\t\t\t\t<div class=\"elementor-element elementor-element-a8d184b elementor-widget elementor-widget-image\" data-id=\"a8d184b\" data-element_type=\"widget\" data-widget_type=\"image.default\">\n\t\t\t\t<div class=\"elementor-widget-container\">\n\t\t\t\t\t\t\t\t\t\t\t\t\t\t\t<img loading=\"lazy\" decoding=\"async\" width=\"608\" height=\"1024\" src=\"https:\/\/tw-bau.ch\/cms\/wp-content\/uploads\/2025\/03\/8437817-Plattenlegerarbeiten_Bad_1.w1024-608x1024.jpg\" class=\"attachment-large size-large wp-image-91\" alt=\"\" srcset=\"https:\/\/tw-bau.ch\/cms\/wp-content\/uploads\/2025\/03\/8437817-Plattenlegerarbeiten_Bad_1.w1024-608x1024.jpg 608w, https:\/\/tw-bau.ch\/cms\/wp-content\/uploads\/2025\/03\/8437817-Plattenlegerarbeiten_Bad_1.w1024-178x300.jpg 178w, https:\/\/tw-bau.ch\/cms\/wp-content\/uploads\/2025\/03\/8437817-Plattenlegerarbeiten_Bad_1.w1024-768x1293.jpg 768w, https:\/\/tw-bau.ch\/cms\/wp-content\/uploads\/2025\/03\/8437817-Plattenlegerarbeiten_Bad_1.w1024-912x1536.jpg 912w, https:\/\/tw-bau.ch\/cms\/wp-content\/uploads\/2025\/03\/8437817-Plattenlegerarbeiten_Bad_1.w1024.jpg 1024w\" sizes=\"(max-width: 608px) 100vw, 608px\" \/>\t\t\t\t\t\t\t\t\t\t\t\t\t\t\t<\/div>\n\t\t\t\t<\/div>\n\t\t\t\t<div class=\"elementor-element elementor-element-1a25cd1 elementor-widget elementor-widget-heading\" data-id=\"1a25cd1\" data-element_type=\"widget\" data-widget_type=\"heading.default\">\n\t\t\t\t<div class=\"elementor-widget-container\">\n\t\t\t\t\t<h6 class=\"elementor-heading-title elementor-size-default\">Bad<\/h6>\t\t\t\t<\/div>\n\t\t\t\t<\/div>\n\t\t\t\t<\/div>\n\t\t<div class=\"elementor-element elementor-element-d241015 e-con-full e-flex e-con e-child\" data-id=\"d241015\" data-element_type=\"container\">\n\t\t\t\t<div class=\"elementor-element elementor-element-32ac028 elementor-widget elementor-widget-image\" data-id=\"32ac028\" data-element_type=\"widget\" data-widget_type=\"image.default\">\n\t\t\t\t<div class=\"elementor-widget-container\">\n\t\t\t\t\t\t\t\t\t\t\t\t\t\t\t<img loading=\"lazy\" decoding=\"async\" width=\"1024\" height=\"608\" src=\"https:\/\/tw-bau.ch\/cms\/wp-content\/uploads\/2025\/03\/8437814-Plattenlegerarbeiten_Bad.w1024.jpg\" class=\"attachment-large size-large wp-image-92\" alt=\"\" srcset=\"https:\/\/tw-bau.ch\/cms\/wp-content\/uploads\/2025\/03\/8437814-Plattenlegerarbeiten_Bad.w1024.jpg 1024w, https:\/\/tw-bau.ch\/cms\/wp-content\/uploads\/2025\/03\/8437814-Plattenlegerarbeiten_Bad.w1024-300x178.jpg 300w, https:\/\/tw-bau.ch\/cms\/wp-content\/uploads\/2025\/03\/8437814-Plattenlegerarbeiten_Bad.w1024-768x456.jpg 768w\" sizes=\"(max-width: 1024px) 100vw, 1024px\" \/>\t\t\t\t\t\t\t\t\t\t\t\t\t\t\t<\/div>\n\t\t\t\t<\/div>\n\t\t\t\t<div class=\"elementor-element elementor-element-160a47e elementor-widget elementor-widget-heading\" data-id=\"160a47e\" data-element_type=\"widget\" data-widget_type=\"heading.default\">\n\t\t\t\t<div class=\"elementor-widget-container\">\n\t\t\t\t\t<h6 class=\"elementor-heading-title elementor-size-default\">Dusche<\/h6>\t\t\t\t<\/div>\n\t\t\t\t<\/div>\n\t\t\t\t<\/div>\n\t\t\t\t<\/div>\n\t\t\t\t<div class=\"elementor-element elementor-element-bfa9208 elementor-widget elementor-widget-text-editor\" data-id=\"bfa9208\" data-element_type=\"widget\" data-widget_type=\"text-editor.default\">\n\t\t\t\t<div class=\"elementor-widget-container\">\n\t\t\t\t\t\t\t\t\t<div><strong>Hurden Einfamilienhaus:<\/strong><\/div><div><div><div><ul><li><div><strong>\u00a0\u00a0\u00a0\u00a0\u00a0\u00a0 2009 <\/strong>Bootsrampe (Wasserungsrampe) f\u00fcr Kajak bauen<\/div><\/li><li><div><strong>\u00a0\u00a0\u00a0\u00a0\u00a0\u00a0 2010 <\/strong>Bootssteg erstellen<\/div><\/li><\/ul><\/div><\/div><\/div>\t\t\t\t\t\t\t\t<\/div>\n\t\t\t\t<\/div>\n\t\t\t\t<div class=\"elementor-element elementor-element-af37c5c elementor-widget elementor-widget-text-editor\" data-id=\"af37c5c\" data-element_type=\"widget\" data-widget_type=\"text-editor.default\">\n\t\t\t\t<div class=\"elementor-widget-container\">\n\t\t\t\t\t\t\t\t\t<p>Lorem ipsum dolor sit amet, consectetur adipiscing elit. Ut elit tellus, luctus nec ullamcorper mattis, pulvinar dapibus leo.<\/p>\t\t\t\t\t\t\t\t<\/div>\n\t\t\t\t<\/div>\n\t\t<div class=\"elementor-element elementor-element-71f38a1 e-con-full e-flex e-con e-child\" data-id=\"71f38a1\" data-element_type=\"container\">\n\t\t<div class=\"elementor-element elementor-element-3c45217 e-con-full e-flex e-con e-child\" data-id=\"3c45217\" data-element_type=\"container\">\n\t\t\t\t<div class=\"elementor-element elementor-element-c223cb9 elementor-widget elementor-widget-image\" data-id=\"c223cb9\" data-element_type=\"widget\" data-widget_type=\"image.default\">\n\t\t\t\t<div class=\"elementor-widget-container\">\n\t\t\t\t\t\t\t\t\t\t\t\t\t\t\t<img loading=\"lazy\" decoding=\"async\" width=\"1024\" height=\"608\" src=\"https:\/\/tw-bau.ch\/cms\/wp-content\/uploads\/2025\/03\/7157055-IMAG0590-1024x608.jpg\" class=\"attachment-large size-large wp-image-93\" alt=\"\" srcset=\"https:\/\/tw-bau.ch\/cms\/wp-content\/uploads\/2025\/03\/7157055-IMAG0590-1024x608.jpg 1024w, https:\/\/tw-bau.ch\/cms\/wp-content\/uploads\/2025\/03\/7157055-IMAG0590-300x178.jpg 300w, https:\/\/tw-bau.ch\/cms\/wp-content\/uploads\/2025\/03\/7157055-IMAG0590-768x456.jpg 768w, https:\/\/tw-bau.ch\/cms\/wp-content\/uploads\/2025\/03\/7157055-IMAG0590.jpg 1500w\" sizes=\"(max-width: 1024px) 100vw, 1024px\" \/>\t\t\t\t\t\t\t\t\t\t\t\t\t\t\t<\/div>\n\t\t\t\t<\/div>\n\t\t\t\t<div class=\"elementor-element elementor-element-3ec540b elementor-widget elementor-widget-heading\" data-id=\"3ec540b\" data-element_type=\"widget\" data-widget_type=\"heading.default\">\n\t\t\t\t<div class=\"elementor-widget-container\">\n\t\t\t\t\t<h6 class=\"elementor-heading-title elementor-size-default\">Bootssteg<\/h6>\t\t\t\t<\/div>\n\t\t\t\t<\/div>\n\t\t\t\t<\/div>\n\t\t<div class=\"elementor-element elementor-element-2cc0182 e-con-full e-flex e-con e-child\" data-id=\"2cc0182\" data-element_type=\"container\">\n\t\t\t\t<div class=\"elementor-element elementor-element-182f2ff elementor-widget elementor-widget-image\" data-id=\"182f2ff\" data-element_type=\"widget\" data-widget_type=\"image.default\">\n\t\t\t\t<div class=\"elementor-widget-container\">\n\t\t\t\t\t\t\t\t\t\t\t\t\t\t\t<img loading=\"lazy\" decoding=\"async\" width=\"1024\" height=\"706\" src=\"https:\/\/tw-bau.ch\/cms\/wp-content\/uploads\/2025\/03\/8437736-Wasserungsrampe_Kanu-1024x706.jpg\" class=\"attachment-large size-large wp-image-94\" alt=\"\" srcset=\"https:\/\/tw-bau.ch\/cms\/wp-content\/uploads\/2025\/03\/8437736-Wasserungsrampe_Kanu-1024x706.jpg 1024w, https:\/\/tw-bau.ch\/cms\/wp-content\/uploads\/2025\/03\/8437736-Wasserungsrampe_Kanu-300x207.jpg 300w, https:\/\/tw-bau.ch\/cms\/wp-content\/uploads\/2025\/03\/8437736-Wasserungsrampe_Kanu-768x530.jpg 768w, https:\/\/tw-bau.ch\/cms\/wp-content\/uploads\/2025\/03\/8437736-Wasserungsrampe_Kanu.jpg 1251w\" sizes=\"(max-width: 1024px) 100vw, 1024px\" \/>\t\t\t\t\t\t\t\t\t\t\t\t\t\t\t<\/div>\n\t\t\t\t<\/div>\n\t\t\t\t<div class=\"elementor-element elementor-element-f837240 elementor-widget elementor-widget-heading\" data-id=\"f837240\" data-element_type=\"widget\" data-widget_type=\"heading.default\">\n\t\t\t\t<div class=\"elementor-widget-container\">\n\t\t\t\t\t<h6 class=\"elementor-heading-title elementor-size-default\">Wasserungsrampe f\u00fcr Kajak<\/h6>\t\t\t\t<\/div>\n\t\t\t\t<\/div>\n\t\t\t\t<\/div>\n\t\t\t\t<\/div>\n\t\t\t\t<div class=\"elementor-element elementor-element-31c01b7 elementor-widget elementor-widget-text-editor\" data-id=\"31c01b7\" data-element_type=\"widget\" data-widget_type=\"text-editor.default\">\n\t\t\t\t<div class=\"elementor-widget-container\">\n\t\t\t\t\t\t\t\t\t<div><strong>Maiwinkel <\/strong><strong>Mehrfamilienhaus:<\/strong><\/div><ul><li><strong>2014\u00a0 <\/strong>Baggerarbeiten, Aushaub Gr\u00e4ben f\u00fcr W\u00e4rmepumpen-Rohrleitungen, <\/li><li><strong>\u00a0\u00a0\u00a0\u00a0\u00a0\u00a0 2015\u00a0 <\/strong>Sickerbetonsteine\u00a0 verlegen (Einfahrt)<\/li><li><strong>\u00a0\u00a0\u00a0\u00a0\u00a0\u00a0 2016\u00a0 <\/strong>Gartengestaltung, Roden, neu anlegen, Plattenterrass<\/li><li>\u00a0 \u00a0 \u00a0 \u00a0 \u00a0 \u00a0 \u00a0 \u00a0 \u00a0 Gartenwasserleitung verlegen, Sanit\u00e4rarbeiten<\/li><li>\u00a0 \u00a0 \u00a0 \u00a0 \u00a0\u00a0\u00a0\u00a0\u00a0\u00a0\u00a0\u00a0\u00a0 Gartenzaun, neue Holzlamellen \u00a0<\/li><\/ul>\t\t\t\t\t\t\t\t<\/div>\n\t\t\t\t<\/div>\n\t\t<div class=\"elementor-element elementor-element-132ca57 e-con-full e-flex e-con e-child\" data-id=\"132ca57\" data-element_type=\"container\">\n\t\t<div class=\"elementor-element elementor-element-f36a341 e-con-full e-flex e-con e-child\" data-id=\"f36a341\" data-element_type=\"container\">\n\t\t\t\t<div class=\"elementor-element elementor-element-1c43144 elementor-widget elementor-widget-image\" data-id=\"1c43144\" data-element_type=\"widget\" data-widget_type=\"image.default\">\n\t\t\t\t<div class=\"elementor-widget-container\">\n\t\t\t\t\t\t\t\t\t\t\t\t\t\t\t<img loading=\"lazy\" decoding=\"async\" width=\"1024\" height=\"608\" src=\"https:\/\/tw-bau.ch\/cms\/wp-content\/uploads\/2025\/03\/8437754-Gartenanlage_nachher.w1024.jpg\" class=\"attachment-large size-large wp-image-95\" alt=\"\" srcset=\"https:\/\/tw-bau.ch\/cms\/wp-content\/uploads\/2025\/03\/8437754-Gartenanlage_nachher.w1024.jpg 1024w, https:\/\/tw-bau.ch\/cms\/wp-content\/uploads\/2025\/03\/8437754-Gartenanlage_nachher.w1024-300x178.jpg 300w, https:\/\/tw-bau.ch\/cms\/wp-content\/uploads\/2025\/03\/8437754-Gartenanlage_nachher.w1024-768x456.jpg 768w\" sizes=\"(max-width: 1024px) 100vw, 1024px\" \/>\t\t\t\t\t\t\t\t\t\t\t\t\t\t\t<\/div>\n\t\t\t\t<\/div>\n\t\t\t\t<div class=\"elementor-element elementor-element-15d0516 elementor-widget elementor-widget-heading\" data-id=\"15d0516\" data-element_type=\"widget\" data-widget_type=\"heading.default\">\n\t\t\t\t<div class=\"elementor-widget-container\">\n\t\t\t\t\t<h6 class=\"elementor-heading-title elementor-size-default\">Terrasse, Pflanzfl\u00e4chen mit Vlies und Rindenmulch abgedeckt<\/h6>\t\t\t\t<\/div>\n\t\t\t\t<\/div>\n\t\t\t\t<\/div>\n\t\t<div class=\"elementor-element elementor-element-1b57261 e-con-full e-flex e-con e-child\" data-id=\"1b57261\" data-element_type=\"container\">\n\t\t\t\t<div class=\"elementor-element elementor-element-9903710 elementor-widget elementor-widget-image\" data-id=\"9903710\" data-element_type=\"widget\" data-widget_type=\"image.default\">\n\t\t\t\t<div class=\"elementor-widget-container\">\n\t\t\t\t\t\t\t\t\t\t\t\t\t\t\t<img loading=\"lazy\" decoding=\"async\" width=\"1024\" height=\"608\" src=\"https:\/\/tw-bau.ch\/cms\/wp-content\/uploads\/2025\/03\/8437739-IMAG0091.w1024.jpg\" class=\"attachment-large size-large wp-image-96\" alt=\"\" srcset=\"https:\/\/tw-bau.ch\/cms\/wp-content\/uploads\/2025\/03\/8437739-IMAG0091.w1024.jpg 1024w, https:\/\/tw-bau.ch\/cms\/wp-content\/uploads\/2025\/03\/8437739-IMAG0091.w1024-300x178.jpg 300w, https:\/\/tw-bau.ch\/cms\/wp-content\/uploads\/2025\/03\/8437739-IMAG0091.w1024-768x456.jpg 768w\" sizes=\"(max-width: 1024px) 100vw, 1024px\" \/>\t\t\t\t\t\t\t\t\t\t\t\t\t\t\t<\/div>\n\t\t\t\t<\/div>\n\t\t\t\t<div class=\"elementor-element elementor-element-80048a3 elementor-widget elementor-widget-heading\" data-id=\"80048a3\" data-element_type=\"widget\" data-widget_type=\"heading.default\">\n\t\t\t\t<div class=\"elementor-widget-container\">\n\t\t\t\t\t<h6 class=\"elementor-heading-title elementor-size-default\">Zaun mit ip\u00e9 Holzlamellen<\/h6>\t\t\t\t<\/div>\n\t\t\t\t<\/div>\n\t\t\t\t<\/div>\n\t\t\t\t<\/div>\n\t\t\t\t<div class=\"elementor-element elementor-element-e041a60 elementor-widget elementor-widget-text-editor\" data-id=\"e041a60\" data-element_type=\"widget\" data-widget_type=\"text-editor.default\">\n\t\t\t\t<div class=\"elementor-widget-container\">\n\t\t\t\t\t\t\t\t\t<div><strong>Glattbrugg Mehrfamilienhaus:<\/strong><\/div><div><ul><li><strong>\u00a0\u00a0\u00a0\u00a0\u00a0\u00a0 2010 &#8211; 2012<\/strong>\u00a0Liegenschaftenunterhalt,\u00a0 Reparaturen<\/li><li><strong>\u00a0\u00a0\u00a0\u00a0\u00a0\u00a0 2014 <\/strong>Pool\u00a0R\u00fcckbau und Terrasse mit Netstaler Kies erstellen, Gartenunterhalt<\/li><\/ul><\/div>\t\t\t\t\t\t\t\t<\/div>\n\t\t\t\t<\/div>\n\t\t\t\t<div class=\"elementor-element elementor-element-532f155 elementor-widget elementor-widget-text-editor\" data-id=\"532f155\" data-element_type=\"widget\" data-widget_type=\"text-editor.default\">\n\t\t\t\t<div class=\"elementor-widget-container\">\n\t\t\t\t\t\t\t\t\t<p>Lorem ipsum dolor sit amet, consectetur adipiscing elit. Ut elit tellus, luctus nec ullamcorper mattis, pulvinar dapibus leo.<\/p>\t\t\t\t\t\t\t\t<\/div>\n\t\t\t\t<\/div>\n\t\t<div class=\"elementor-element elementor-element-290392b e-con-full e-flex e-con e-child\" data-id=\"290392b\" data-element_type=\"container\">\n\t\t<div class=\"elementor-element elementor-element-7212cc5 e-con-full e-flex e-con e-child\" data-id=\"7212cc5\" data-element_type=\"container\">\n\t\t\t\t<div class=\"elementor-element elementor-element-a95496d elementor-widget elementor-widget-image\" data-id=\"a95496d\" data-element_type=\"widget\" data-widget_type=\"image.default\">\n\t\t\t\t<div class=\"elementor-widget-container\">\n\t\t\t\t\t\t\t\t\t\t\t\t\t\t\t<img loading=\"lazy\" decoding=\"async\" width=\"1024\" height=\"608\" src=\"https:\/\/tw-bau.ch\/cms\/wp-content\/uploads\/2025\/03\/7157051-Terasse20fertiggestellt-1024x608.jpg\" class=\"attachment-large size-large wp-image-97\" alt=\"\" srcset=\"https:\/\/tw-bau.ch\/cms\/wp-content\/uploads\/2025\/03\/7157051-Terasse20fertiggestellt-1024x608.jpg 1024w, https:\/\/tw-bau.ch\/cms\/wp-content\/uploads\/2025\/03\/7157051-Terasse20fertiggestellt-300x178.jpg 300w, https:\/\/tw-bau.ch\/cms\/wp-content\/uploads\/2025\/03\/7157051-Terasse20fertiggestellt-768x456.jpg 768w, https:\/\/tw-bau.ch\/cms\/wp-content\/uploads\/2025\/03\/7157051-Terasse20fertiggestellt.jpg 1500w\" sizes=\"(max-width: 1024px) 100vw, 1024px\" \/>\t\t\t\t\t\t\t\t\t\t\t\t\t\t\t<\/div>\n\t\t\t\t<\/div>\n\t\t\t\t<div class=\"elementor-element elementor-element-88009a6 elementor-widget elementor-widget-heading\" data-id=\"88009a6\" data-element_type=\"widget\" data-widget_type=\"heading.default\">\n\t\t\t\t<div class=\"elementor-widget-container\">\n\t\t\t\t\t<h6 class=\"elementor-heading-title elementor-size-default\">R\u00fcckbau Pool, neu Terrasse\nmit Netztalerkies<\/h6>\t\t\t\t<\/div>\n\t\t\t\t<\/div>\n\t\t\t\t<\/div>\n\t\t<div class=\"elementor-element elementor-element-6fbcab2 e-con-full e-flex e-con e-child\" data-id=\"6fbcab2\" data-element_type=\"container\">\n\t\t\t\t<\/div>\n\t\t\t\t<\/div>\n\t\t\t\t<div class=\"elementor-element elementor-element-f9782c5 elementor-widget elementor-widget-text-editor\" data-id=\"f9782c5\" data-element_type=\"widget\" data-widget_type=\"text-editor.default\">\n\t\t\t\t<div class=\"elementor-widget-container\">\n\t\t\t\t\t\t\t\t\t<div><div><strong>Z\u00fcrich Einfamilienhaus<\/strong><\/div><ul><li><strong>\u00a0\u00a0\u00a0\u00a0\u00a0\u00a0 2011 <\/strong>Umbau K\u00fcche, Durchbruch Ausgang Terrasse erstellen,\u00a0Sanit\u00e4r, Baumeister- und Gipserarbeiten, Trockenbau<\/li><li>\u00a0\u00a0\u00a0\u00a0\u00a0\u00a0\u00a0\u00a0\u00a0\u00a0\u00a0\u00a0\u00a0\u00a0\u00a0\u00a0 Sanierung Kanalisation im Keller, Bodenheizung K\u00fcche<\/li><li>\u00a0\u00a0\u00a0\u00a0\u00a0\u00a0\u00a0\u00a0\u00a0\u00a0\u00a0\u00a0\u00a0\u00a0\u00a0\u00a0 Fundamente f\u00fcr Terrasse\u00a0 betonieren<\/li><li>\u00a0\u00a0\u00a0\u00a0\u00a0\u00a0\u00a0\u00a0\u00a0\u00a0\u00a0\u00a0\u00a0\u00a0\u00a0\u00a0 Stahlunterkonstruktion montieren<\/li><li>\u00a0\u00a0\u00a0\u00a0\u00a0\u00a0\u00a0\u00a0\u00a0\u00a0\u00a0\u00a0\u00a0\u00a0\u00a0\u00a0 Terrassendeck\u00a0 mit Itauba Holzlamellen erstellen<\/li><\/ul><\/div>\t\t\t\t\t\t\t\t<\/div>\n\t\t\t\t<\/div>\n\t\t\t\t<div class=\"elementor-element elementor-element-1ba9ede elementor-widget elementor-widget-text-editor\" data-id=\"1ba9ede\" data-element_type=\"widget\" data-widget_type=\"text-editor.default\">\n\t\t\t\t<div class=\"elementor-widget-container\">\n\t\t\t\t\t\t\t\t\t<p>Lorem ipsum dolor sit amet, consectetur adipiscing elit. Ut elit tellus, luctus nec ullamcorper mattis, pulvinar dapibus leo.<\/p>\t\t\t\t\t\t\t\t<\/div>\n\t\t\t\t<\/div>\n\t\t<div class=\"elementor-element elementor-element-d3cae71 e-con-full e-flex e-con e-child\" data-id=\"d3cae71\" data-element_type=\"container\">\n\t\t<div class=\"elementor-element elementor-element-edfd63e e-con-full e-flex e-con e-child\" data-id=\"edfd63e\" data-element_type=\"container\">\n\t\t\t\t<div class=\"elementor-element elementor-element-a92d8ab elementor-widget elementor-widget-image\" data-id=\"a92d8ab\" data-element_type=\"widget\" data-widget_type=\"image.default\">\n\t\t\t\t<div class=\"elementor-widget-container\">\n\t\t\t\t\t\t\t\t\t\t\t\t\t\t\t<img loading=\"lazy\" decoding=\"async\" width=\"400\" height=\"238\" src=\"https:\/\/tw-bau.ch\/cms\/wp-content\/uploads\/2025\/03\/1637029-56b68b33140ec57dffff80297f000101.jpg\" class=\"attachment-large size-large wp-image-98\" alt=\"\" srcset=\"https:\/\/tw-bau.ch\/cms\/wp-content\/uploads\/2025\/03\/1637029-56b68b33140ec57dffff80297f000101.jpg 400w, https:\/\/tw-bau.ch\/cms\/wp-content\/uploads\/2025\/03\/1637029-56b68b33140ec57dffff80297f000101-300x179.jpg 300w\" sizes=\"(max-width: 400px) 100vw, 400px\" \/>\t\t\t\t\t\t\t\t\t\t\t\t\t\t\t<\/div>\n\t\t\t\t<\/div>\n\t\t\t\t<div class=\"elementor-element elementor-element-b2a6552 elementor-widget elementor-widget-heading\" data-id=\"b2a6552\" data-element_type=\"widget\" data-widget_type=\"heading.default\">\n\t\t\t\t<div class=\"elementor-widget-container\">\n\t\t\t\t\t<h6 class=\"elementor-heading-title elementor-size-default\">K\u00fcchenausgang Terrasse,\nTerrasse mit Itauba Holzlamellen<\/h6>\t\t\t\t<\/div>\n\t\t\t\t<\/div>\n\t\t\t\t<\/div>\n\t\t<div class=\"elementor-element elementor-element-a68180c e-con-full e-flex e-con e-child\" data-id=\"a68180c\" data-element_type=\"container\">\n\t\t\t\t<\/div>\n\t\t\t\t<\/div>\n\t\t\t\t<div class=\"elementor-element elementor-element-3427d90 elementor-widget elementor-widget-text-editor\" data-id=\"3427d90\" data-element_type=\"widget\" data-widget_type=\"text-editor.default\">\n\t\t\t\t<div class=\"elementor-widget-container\">\n\t\t\t\t\t\t\t\t\t<div><strong>Herrliberg<\/strong> <strong>Dorfstrasse Einfamilienhaus:<\/strong><\/div><div><ul><li><div><strong>\u00a0\u00a0\u00a0\u00a0\u00a0\u00a0 2010<\/strong> \u00a0\u00a0\u00a0\u00a0\u00a0\u00a0\u00a0\u00a0\u00a0\u00a0\u00a0\u00a0 Sanierung St\u00fctzmauer,<\/div><\/li><li><div><strong>\u00a0\u00a0\u00a0\u00a0\u00a0\u00a0 2011 &#8211; 2014<\/strong> Gartenunterhalt<\/div><\/li><li><div><strong>\u00a0\u00a0\u00a0\u00a0\u00a0\u00a0 2013<\/strong> \u00a0\u00a0\u00a0\u00a0\u00a0\u00a0\u00a0\u00a0\u00a0\u00a0\u00a0\u00a0 Natursteinmauer erstellen<\/div><\/li><\/ul><\/div>\t\t\t\t\t\t\t\t<\/div>\n\t\t\t\t<\/div>\n\t\t\t\t<div class=\"elementor-element elementor-element-270cff1 elementor-widget elementor-widget-text-editor\" data-id=\"270cff1\" data-element_type=\"widget\" data-widget_type=\"text-editor.default\">\n\t\t\t\t<div class=\"elementor-widget-container\">\n\t\t\t\t\t\t\t\t\t<p>Lorem ipsum dolor sit amet, consectetur adipiscing elit. Ut elit tellus, luctus nec ullamcorper mattis, pulvinar dapibus leo.<\/p>\t\t\t\t\t\t\t\t<\/div>\n\t\t\t\t<\/div>\n\t\t<div class=\"elementor-element elementor-element-b64e1db e-con-full e-flex e-con e-child\" data-id=\"b64e1db\" data-element_type=\"container\">\n\t\t<div class=\"elementor-element elementor-element-80dd40e e-con-full e-flex e-con e-child\" data-id=\"80dd40e\" data-element_type=\"container\">\n\t\t\t\t<div class=\"elementor-element elementor-element-e1f478d elementor-widget elementor-widget-image\" data-id=\"e1f478d\" data-element_type=\"widget\" data-widget_type=\"image.default\">\n\t\t\t\t<div class=\"elementor-widget-container\">\n\t\t\t\t\t\t\t\t\t\t\t\t\t\t\t<img loading=\"lazy\" decoding=\"async\" width=\"710\" height=\"421\" src=\"https:\/\/tw-bau.ch\/cms\/wp-content\/uploads\/2025\/03\/1637003-9bf7bf02cee06211ffff825b7f000101.jpg\" class=\"attachment-large size-large wp-image-99\" alt=\"\" srcset=\"https:\/\/tw-bau.ch\/cms\/wp-content\/uploads\/2025\/03\/1637003-9bf7bf02cee06211ffff825b7f000101.jpg 710w, https:\/\/tw-bau.ch\/cms\/wp-content\/uploads\/2025\/03\/1637003-9bf7bf02cee06211ffff825b7f000101-300x178.jpg 300w\" sizes=\"(max-width: 710px) 100vw, 710px\" \/>\t\t\t\t\t\t\t\t\t\t\t\t\t\t\t<\/div>\n\t\t\t\t<\/div>\n\t\t\t\t<div class=\"elementor-element elementor-element-d361b8f elementor-widget elementor-widget-heading\" data-id=\"d361b8f\" data-element_type=\"widget\" data-widget_type=\"heading.default\">\n\t\t\t\t<div class=\"elementor-widget-container\">\n\t\t\t\t\t<h6 class=\"elementor-heading-title elementor-size-default\">Natursteinmauer erstellen<\/h6>\t\t\t\t<\/div>\n\t\t\t\t<\/div>\n\t\t\t\t<\/div>\n\t\t<div class=\"elementor-element elementor-element-7ff8d7d e-con-full e-flex e-con e-child\" data-id=\"7ff8d7d\" data-element_type=\"container\">\n\t\t\t\t<\/div>\n\t\t\t\t<\/div>\n\t\t\t\t<div class=\"elementor-element elementor-element-05f6b72 elementor-widget elementor-widget-text-editor\" data-id=\"05f6b72\" data-element_type=\"widget\" data-widget_type=\"text-editor.default\">\n\t\t\t\t<div class=\"elementor-widget-container\">\n\t\t\t\t\t\t\t\t\t<div><div><strong>St\u00e4fa\u00a0Seestrasse Einfamilienhaus:<\/strong><\/div><ul><li><div><strong>\u00a0\u00a0\u00a0\u00a0\u00a0\u00a0 2009<\/strong> \u00a0\u00a0\u00a0\u00a0\u00a0\u00a0\u00a0\u00a0\u00a0\u00a0\u00a0\u00a0 Bau Bootsrampe f\u00fcr Ruderboot und\u00a0 Aufzug f\u00fcr Schlauchboot <\/div><\/li><li><strong>\u00a0\u00a0\u00a0\u00a0\u00a0\u00a0 2010<\/strong> \u00a0\u00a0\u00a0\u00a0\u00a0\u00a0\u00a0\u00a0\u00a0\u00a0\u00a0\u00a0 Uferverbauung befestigen, Malerarbeiten Bootssteg<\/li><li>\u00a0\u00a0\u00a0\u00a0\u00a0\u00a0\u00a0\u00a0\u00a0\u00a0\u00a0\u00a0\u00a0\u00a0\u00a0\u00a0\u00a0\u00a0\u00a0\u00a0\u00a0\u00a0\u00a0\u00a0\u00a0\u00a0\u00a0\u00a0\u00a0 Bootsaufzug und Rampe bauen<\/li><li><strong>\u00a0\u00a0\u00a0\u00a0\u00a0\u00a0 2013<\/strong> \u00a0\u00a0\u00a0\u00a0\u00a0\u00a0\u00a0\u00a0\u00a0\u00a0\u00a0\u00a0 Seeeinstieg, Teppenstufen sanieren, neu\u00a0 betonieren<\/li><li><strong>\u00a0\u00a0\u00a0\u00a0\u00a0\u00a0 2009 &#8211; 2016<\/strong> Gartenunterhalt<\/li><\/ul><\/div>\t\t\t\t\t\t\t\t<\/div>\n\t\t\t\t<\/div>\n\t\t<div class=\"elementor-element elementor-element-fd736bf e-con-full e-flex e-con e-child\" data-id=\"fd736bf\" data-element_type=\"container\">\n\t\t<div class=\"elementor-element elementor-element-890334a e-con-full e-flex e-con e-child\" data-id=\"890334a\" data-element_type=\"container\">\n\t\t\t\t<div class=\"elementor-element elementor-element-85668d6 elementor-widget elementor-widget-image\" data-id=\"85668d6\" data-element_type=\"widget\" data-widget_type=\"image.default\">\n\t\t\t\t<div class=\"elementor-widget-container\">\n\t\t\t\t\t\t\t\t\t\t\t\t\t\t\t<img loading=\"lazy\" decoding=\"async\" width=\"1024\" height=\"768\" src=\"https:\/\/tw-bau.ch\/cms\/wp-content\/uploads\/2025\/03\/8437799-Wasserungsrampe_Ruderboot_2.w1024.jpg\" class=\"attachment-large size-large wp-image-104\" alt=\"\" srcset=\"https:\/\/tw-bau.ch\/cms\/wp-content\/uploads\/2025\/03\/8437799-Wasserungsrampe_Ruderboot_2.w1024.jpg 1024w, https:\/\/tw-bau.ch\/cms\/wp-content\/uploads\/2025\/03\/8437799-Wasserungsrampe_Ruderboot_2.w1024-300x225.jpg 300w, https:\/\/tw-bau.ch\/cms\/wp-content\/uploads\/2025\/03\/8437799-Wasserungsrampe_Ruderboot_2.w1024-768x576.jpg 768w\" sizes=\"(max-width: 1024px) 100vw, 1024px\" \/>\t\t\t\t\t\t\t\t\t\t\t\t\t\t\t<\/div>\n\t\t\t\t<\/div>\n\t\t\t\t<div class=\"elementor-element elementor-element-a17f4e5 elementor-widget elementor-widget-heading\" data-id=\"a17f4e5\" data-element_type=\"widget\" data-widget_type=\"heading.default\">\n\t\t\t\t<div class=\"elementor-widget-container\">\n\t\t\t\t\t<h6 class=\"elementor-heading-title elementor-size-default\">Wasserungsrampe Ruderboot<\/h6>\t\t\t\t<\/div>\n\t\t\t\t<\/div>\n\t\t\t\t<\/div>\n\t\t<div class=\"elementor-element elementor-element-a795ebd e-con-full e-flex e-con e-child\" data-id=\"a795ebd\" data-element_type=\"container\">\n\t\t\t\t<div class=\"elementor-element elementor-element-ed4f4c8 elementor-widget elementor-widget-image\" data-id=\"ed4f4c8\" data-element_type=\"widget\" data-widget_type=\"image.default\">\n\t\t\t\t<div class=\"elementor-widget-container\">\n\t\t\t\t\t\t\t\t\t\t\t\t\t\t\t<img loading=\"lazy\" decoding=\"async\" width=\"1024\" height=\"608\" src=\"https:\/\/tw-bau.ch\/cms\/wp-content\/uploads\/2025\/03\/8437802-Bootskran_Loni.w1024.jpg\" class=\"attachment-large size-large wp-image-100\" alt=\"\" srcset=\"https:\/\/tw-bau.ch\/cms\/wp-content\/uploads\/2025\/03\/8437802-Bootskran_Loni.w1024.jpg 1024w, https:\/\/tw-bau.ch\/cms\/wp-content\/uploads\/2025\/03\/8437802-Bootskran_Loni.w1024-300x178.jpg 300w, https:\/\/tw-bau.ch\/cms\/wp-content\/uploads\/2025\/03\/8437802-Bootskran_Loni.w1024-768x456.jpg 768w\" sizes=\"(max-width: 1024px) 100vw, 1024px\" \/>\t\t\t\t\t\t\t\t\t\t\t\t\t\t\t<\/div>\n\t\t\t\t<\/div>\n\t\t\t\t<div class=\"elementor-element elementor-element-355ca59 elementor-widget elementor-widget-heading\" data-id=\"355ca59\" data-element_type=\"widget\" data-widget_type=\"heading.default\">\n\t\t\t\t<div class=\"elementor-widget-container\">\n\t\t\t\t\t<h6 class=\"elementor-heading-title elementor-size-default\">Schlauchbootaufzug<\/h6>\t\t\t\t<\/div>\n\t\t\t\t<\/div>\n\t\t\t\t<\/div>\n\t\t\t\t<\/div>\n\t\t\t\t<div class=\"elementor-element elementor-element-a1f37cf elementor-widget elementor-widget-text-editor\" data-id=\"a1f37cf\" data-element_type=\"widget\" data-widget_type=\"text-editor.default\">\n\t\t\t\t<div class=\"elementor-widget-container\">\n\t\t\t\t\t\t\t\t\t<div><strong>St\u00e4fa <\/strong><strong>Weierstrasse, Reihenh\u00e4user:<\/strong><\/div><ul><li><strong>\u00a0\u00a0\u00a0\u00a0\u00a0\u00a0 2010<\/strong>\u00a0 Gartenzaun mit Holzlamellen bauen,<\/li><li>\u00a0 \u00a0 \u00a0 \u00a0 \u00a0 \u00a0 \u00a0 \u00a0 \u00a0 Containereinfassung (Sammelstelle) Holzpalisaden\u00a0 durch Steink\u00f6rbe ( Gabionen) ersetzen<\/li><\/ul>\t\t\t\t\t\t\t\t<\/div>\n\t\t\t\t<\/div>\n\t\t<div class=\"elementor-element elementor-element-a2a82b9 e-con-full e-flex e-con e-child\" data-id=\"a2a82b9\" data-element_type=\"container\">\n\t\t<div class=\"elementor-element elementor-element-e0935c0 e-con-full e-flex e-con e-child\" data-id=\"e0935c0\" data-element_type=\"container\">\n\t\t\t\t<div class=\"elementor-element elementor-element-74f71a2 elementor-widget elementor-widget-image\" data-id=\"74f71a2\" data-element_type=\"widget\" data-widget_type=\"image.default\">\n\t\t\t\t<div class=\"elementor-widget-container\">\n\t\t\t\t\t\t\t\t\t\t\t\t\t\t\t<img loading=\"lazy\" decoding=\"async\" width=\"710\" height=\"421\" src=\"https:\/\/tw-bau.ch\/cms\/wp-content\/uploads\/2025\/03\/1637001-236601.jpg\" class=\"attachment-large size-large wp-image-54\" alt=\"\" srcset=\"https:\/\/tw-bau.ch\/cms\/wp-content\/uploads\/2025\/03\/1637001-236601.jpg 710w, https:\/\/tw-bau.ch\/cms\/wp-content\/uploads\/2025\/03\/1637001-236601-300x178.jpg 300w\" sizes=\"(max-width: 710px) 100vw, 710px\" \/>\t\t\t\t\t\t\t\t\t\t\t\t\t\t\t<\/div>\n\t\t\t\t<\/div>\n\t\t\t\t<div class=\"elementor-element elementor-element-9e5cbe7 elementor-widget elementor-widget-heading\" data-id=\"9e5cbe7\" data-element_type=\"widget\" data-widget_type=\"heading.default\">\n\t\t\t\t<div class=\"elementor-widget-container\">\n\t\t\t\t\t<h6 class=\"elementor-heading-title elementor-size-default\">Gabionen Containereinfassung\n(Sammelstelle)<\/h6>\t\t\t\t<\/div>\n\t\t\t\t<\/div>\n\t\t\t\t<\/div>\n\t\t<div class=\"elementor-element elementor-element-0ca178d e-con-full e-flex e-con e-child\" data-id=\"0ca178d\" data-element_type=\"container\">\n\t\t\t\t<div class=\"elementor-element elementor-element-971713a elementor-widget elementor-widget-image\" data-id=\"971713a\" data-element_type=\"widget\" data-widget_type=\"image.default\">\n\t\t\t\t<div class=\"elementor-widget-container\">\n\t\t\t\t\t\t\t\t\t\t\t\t\t\t\t<img loading=\"lazy\" decoding=\"async\" width=\"250\" height=\"164\" src=\"https:\/\/tw-bau.ch\/cms\/wp-content\/uploads\/2025\/03\/1637037-83fcb06de359f83cffffa2fbffa86321.jpg\" class=\"attachment-large size-large wp-image-105\" alt=\"\" \/>\t\t\t\t\t\t\t\t\t\t\t\t\t\t\t<\/div>\n\t\t\t\t<\/div>\n\t\t\t\t<div class=\"elementor-element elementor-element-5d9a364 elementor-widget elementor-widget-heading\" data-id=\"5d9a364\" data-element_type=\"widget\" data-widget_type=\"heading.default\">\n\t\t\t\t<div class=\"elementor-widget-container\">\n\t\t\t\t\t<h6 class=\"elementor-heading-title elementor-size-default\">Einfriedung, Holzzaun<\/h6>\t\t\t\t<\/div>\n\t\t\t\t<\/div>\n\t\t\t\t<\/div>\n\t\t\t\t<\/div>\n\t\t\t\t<div class=\"elementor-element elementor-element-865429c elementor-widget elementor-widget-text-editor\" data-id=\"865429c\" data-element_type=\"widget\" data-widget_type=\"text-editor.default\">\n\t\t\t\t<div class=\"elementor-widget-container\">\n\t\t\t\t\t\t\t\t\t<div><strong>Thalwil Wohnung:<\/strong><\/div><ul><li><strong>\u00a0\u00a0\u00a0\u00a0\u00a0\u00a0 2010 <\/strong>Balkon mit Itauba\u00a0 Holzlamellen auslegen<\/li><\/ul>\t\t\t\t\t\t\t\t<\/div>\n\t\t\t\t<\/div>\n\t\t<div class=\"elementor-element elementor-element-6b8965f e-con-full e-flex e-con e-child\" data-id=\"6b8965f\" data-element_type=\"container\">\n\t\t<div class=\"elementor-element elementor-element-0608844 e-con-full e-flex e-con e-child\" data-id=\"0608844\" data-element_type=\"container\">\n\t\t\t\t<div class=\"elementor-element elementor-element-8f19974 elementor-widget elementor-widget-image\" data-id=\"8f19974\" data-element_type=\"widget\" data-widget_type=\"image.default\">\n\t\t\t\t<div class=\"elementor-widget-container\">\n\t\t\t\t\t\t\t\t\t\t\t\t\t\t\t<img loading=\"lazy\" decoding=\"async\" width=\"1024\" height=\"608\" src=\"https:\/\/tw-bau.ch\/cms\/wp-content\/uploads\/2025\/03\/8437811-Holzlamellenboden_2.w1024.jpg\" class=\"attachment-large size-large wp-image-106\" alt=\"\" srcset=\"https:\/\/tw-bau.ch\/cms\/wp-content\/uploads\/2025\/03\/8437811-Holzlamellenboden_2.w1024.jpg 1024w, https:\/\/tw-bau.ch\/cms\/wp-content\/uploads\/2025\/03\/8437811-Holzlamellenboden_2.w1024-300x178.jpg 300w, https:\/\/tw-bau.ch\/cms\/wp-content\/uploads\/2025\/03\/8437811-Holzlamellenboden_2.w1024-768x456.jpg 768w\" sizes=\"(max-width: 1024px) 100vw, 1024px\" \/>\t\t\t\t\t\t\t\t\t\t\t\t\t\t\t<\/div>\n\t\t\t\t<\/div>\n\t\t\t\t<div class=\"elementor-element elementor-element-a7433d5 elementor-widget elementor-widget-heading\" data-id=\"a7433d5\" data-element_type=\"widget\" data-widget_type=\"heading.default\">\n\t\t\t\t<div class=\"elementor-widget-container\">\n\t\t\t\t\t<h6 class=\"elementor-heading-title elementor-size-default\">Itauba Holzlamellenboden<\/h6>\t\t\t\t<\/div>\n\t\t\t\t<\/div>\n\t\t\t\t<\/div>\n\t\t<div class=\"elementor-element elementor-element-7f5094a e-con-full e-flex e-con e-child\" data-id=\"7f5094a\" data-element_type=\"container\">\n\t\t\t\t<\/div>\n\t\t\t\t<\/div>\n\t\t\t\t<div class=\"elementor-element elementor-element-b0cf3a3 elementor-widget elementor-widget-text-editor\" data-id=\"b0cf3a3\" data-element_type=\"widget\" data-widget_type=\"text-editor.default\">\n\t\t\t\t<div class=\"elementor-widget-container\">\n\t\t\t\t\t\t\t\t\t<div><strong>Dietlikon <\/strong><strong>Mehrfamilienhaus:\u00a0<\/strong><\/div><ul><li><strong>\u00a0\u00a0\u00a0\u00a0\u00a0\u00a0 2010 &#8211; 2011<\/strong> Montage Gartenbeleuchtungen, Reparaturen<\/li><li>\u00a0\u00a0\u00a0\u00a0\u00a0\u00a0\u00a0\u00a0\u00a0\u00a0\u00a0\u00a0\u00a0\u00a0\u00a0\u00a0\u00a0\u00a0\u00a0\u00a0\u00a0\u00a0\u00a0\u00a0\u00a0\u00a0\u00a0\u00a0\u00a0 Montage Regenwasserfallrohre<\/li><li>\u00a0\u00a0\u00a0\u00a0\u00a0\u00a0\u00a0\u00a0\u00a0\u00a0\u00a0\u00a0\u00a0\u00a0\u00a0\u00a0\u00a0\u00a0\u00a0\u00a0\u00a0\u00a0\u00a0\u00a0\u00a0\u00a0\u00a0\u00a0\u00a0 Bauabstellfl\u00e4chen wieder in\u00a0 Landwirtschaftsfl\u00e4chen (Wiese) kultivieren<\/li><\/ul>\t\t\t\t\t\t\t\t<\/div>\n\t\t\t\t<\/div>\n\t\t\t\t<div class=\"elementor-element elementor-element-a578903 elementor-widget elementor-widget-text-editor\" data-id=\"a578903\" data-element_type=\"widget\" data-widget_type=\"text-editor.default\">\n\t\t\t\t<div class=\"elementor-widget-container\">\n\t\t\t\t\t\t\t\t\t<div><strong>Dietlikon<\/strong> <strong>Lampitz\u00e4ckern, <\/strong><strong>Wohnung<\/strong>:<\/div><ul><li><strong>\u00a0\u00a0\u00a0\u00a0\u00a0\u00a0 2012\u00a0 <\/strong>Sanierung Bad und WC, Sanit\u00e4r, Baumeister- Plattenleger- und Malerarbeiten<\/li><li>\u00a0 \u00a0 \u00a0 \u00a0 \u00a0\u00a0\u00a0\u00a0\u00a0\u00a0\u00a0\u00a0\u00a0 Gartenunterhalt und Gestaltung<\/li><\/ul>\t\t\t\t\t\t\t\t<\/div>\n\t\t\t\t<\/div>\n\t\t\t\t<div class=\"elementor-element elementor-element-9f3c3f2 elementor-widget elementor-widget-text-editor\" data-id=\"9f3c3f2\" data-element_type=\"widget\" data-widget_type=\"text-editor.default\">\n\t\t\t\t<div class=\"elementor-widget-container\">\n\t\t\t\t\t\t\t\t\t<div><b>Dietlikon<\/b>\u00a0 <strong>Sqash-Fit,<\/strong> <strong>Fitnesscenter:<\/strong><\/div><ul><li><strong>\u00a0\u00a0\u00a0\u00a0\u00a0\u00a0 2013\u00a0<\/strong> Sanierung\u00a0 Plattenb\u00f6den in\u00a0Dampfb\u00e4dern<\/li><\/ul>\t\t\t\t\t\t\t\t<\/div>\n\t\t\t\t<\/div>\n\t\t\t\t<div class=\"elementor-element elementor-element-c3688a3 elementor-widget elementor-widget-text-editor\" data-id=\"c3688a3\" data-element_type=\"widget\" data-widget_type=\"text-editor.default\">\n\t\t\t\t<div class=\"elementor-widget-container\">\n\t\t\t\t\t\t\t\t\t<div><strong>M\u00e4nnedorf Arztpraxis:<\/strong><\/div><ul><li><strong>\u00a0\u00a0\u00a0\u00a0\u00a0\u00a0 2009\u00a0<\/strong> Ausbau Arztpraxis, Umbau Wohnung in Arztpraxis und\u00a0Optimierung\u00a0 Infrastruktur<\/li><li><strong>\u00a0\u00a0\u00a0\u00a0\u00a0\u00a0 2016\u00a0 <\/strong>Praxis R\u00fcckbau, Umbau\u00a0wieder in\u00a0Wohnung<strong>\u00a0<\/strong><\/li><\/ul>\t\t\t\t\t\t\t\t<\/div>\n\t\t\t\t<\/div>\n\t\t\t\t<div class=\"elementor-element elementor-element-8a8e69f elementor-widget elementor-widget-text-editor\" data-id=\"8a8e69f\" data-element_type=\"widget\" data-widget_type=\"text-editor.default\">\n\t\t\t\t<div class=\"elementor-widget-container\">\n\t\t\t\t\t\t\t\t\t<div><strong>M\u00e4nnedorf<\/strong>\u00a0 <strong>Aufdorfstrasse, Arztpraxis:<\/strong><\/div><div><ul><li><strong>\u00a0\u00a0\u00a0\u00a0\u00a0\u00a0 2010\u00a0<\/strong> \u00a0\u00a0\u00a0\u00a0\u00a0\u00a0\u00a0\u00a0\u00a0\u00a0\u00a0 Arzpraxis B\u00f6den sanieren, neu Laminat und Plattenboden WC, Reparaturen und Malerarbeiten\u00a0<\/li><li><strong>\u00a0\u00a0\u00a0\u00a0\u00a0\u00a0 2011<\/strong> \u00a0\u00a0\u00a0\u00a0\u00a0\u00a0\u00a0\u00a0\u00a0\u00a0\u00a0\u00a0 Umbau Keller,\u00a0 Archiv,\u00a0 Infrastruktur\u00a0 optimieren, Laminatboden Sprechzimmer<\/li><li>\u00a0 \u00a0 \u00a0 \u00a0 \u00a0\u00a0\u00a0\u00a0\u00a0\u00a0\u00a0\u00a0\u00a0\u00a0\u00a0\u00a0\u00a0\u00a0\u00a0\u00a0\u00a0\u00a0\u00a0\u00a0\u00a0 Einbau Br\u00fcnneli\u00a0 in bestehende Sideboardzeile<\/li><li><strong>\u00a0\u00a0\u00a0\u00a0\u00a0\u00a0 2012<\/strong> \u00a0\u00a0\u00a0\u00a0\u00a0\u00a0\u00a0\u00a0\u00a0\u00a0\u00a0\u00a0 Behandlungszimmer\u00a0 B\u00f6den sanieren, Malerarbeiten, Sanit\u00e4rarbeiten,\u00a0<\/li><li><strong>\u00a0\u00a0\u00a0\u00a0\u00a0\u00a0 2009 &#8211; 2016 <\/strong>Reparaturen<\/li><\/ul><\/div>\t\t\t\t\t\t\t\t<\/div>\n\t\t\t\t<\/div>\n\t\t\t\t<div class=\"elementor-element elementor-element-cac3e79 elementor-widget elementor-widget-text-editor\" data-id=\"cac3e79\" data-element_type=\"widget\" data-widget_type=\"text-editor.default\">\n\t\t\t\t<div class=\"elementor-widget-container\">\n\t\t\t\t\t\t\t\t\t<div><strong>M\u00e4nnedorf<\/strong>\u00a0<strong>Therapiehaus: <\/strong><\/div><ul><li><strong>\u00a0\u00a0\u00a0\u00a0\u00a0\u00a0 2010\u00a0<\/strong> Sommersaison Wassersport (Wasserskikurse) mit Therapieteilnehmern<\/li><li><strong>\u00a0\u00a0\u00a0\u00a0\u00a0\u00a0 2016\u00a0<\/strong> Umbau Kindergarten in\u00a0 Wohnung<\/li><li>\u00a0 \u00a0 \u00a0 \u00a0 Sanierung K\u00fcchen in 2 Wohnungen nach Wasserschaden\u00a0\u00a0\u00a0\u00a0\u00a0\u00a0\u00a0\u00a0\u00a0\u00a0\u00a0\u00a0\u00a0\u00a0\u00a0\u00a0\u00a0\u00a0\u00a0\u00a0<\/li><li><strong>\u00a0\u00a0\u00a0\u00a0\u00a0\u00a0 2017\u00a0<\/strong> Liegenschaft Inventar r\u00e4umen<\/li><\/ul>\t\t\t\t\t\t\t\t<\/div>\n\t\t\t\t<\/div>\n\t\t\t\t<div class=\"elementor-element elementor-element-41c49dc elementor-widget elementor-widget-text-editor\" data-id=\"41c49dc\" data-element_type=\"widget\" data-widget_type=\"text-editor.default\">\n\t\t\t\t<div class=\"elementor-widget-container\">\n\t\t\t\t\t\t\t\t\t<div><div><strong>M\u00e4nnedorf <\/strong><strong>Einfamilienhaus:<\/strong><\/div><ul><li><strong>\u00a0\u00a0\u00a0\u00a0\u00a0\u00a0 2010<\/strong> Kellerr\u00e4ume und Decken d\u00e4mmen, Laminatboden verlegen<\/li><\/ul><\/div>\t\t\t\t\t\t\t\t<\/div>\n\t\t\t\t<\/div>\n\t\t\t\t<div class=\"elementor-element elementor-element-efaaa08 elementor-widget elementor-widget-text-editor\" data-id=\"efaaa08\" data-element_type=\"widget\" data-widget_type=\"text-editor.default\">\n\t\t\t\t<div class=\"elementor-widget-container\">\n\t\t\t\t\t\t\t\t\t<div><strong>Eglisau: Mehrfamilienhaus:<\/strong><\/div><div><ul><li><div><strong>\u00a0\u00a0\u00a0\u00a0\u00a0\u00a0 2010 <\/strong>Gartengestaltung, Anlegen von\u00a0Rasenfl\u00e4chen<\/div><\/li><li><div>\u00a0\u00a0\u00a0\u00a0\u00a0\u00a0\u00a0\u00a0\u00a0\u00a0\u00a0\u00a0\u00a0\u00a0\u00a0\u00a0 Ersatz Regenwasserfallrohre<\/div><\/li><\/ul><\/div>\t\t\t\t\t\t\t\t<\/div>\n\t\t\t\t<\/div>\n\t\t\t\t<div class=\"elementor-element elementor-element-cd6b2d3 elementor-widget elementor-widget-text-editor\" data-id=\"cd6b2d3\" data-element_type=\"widget\" data-widget_type=\"text-editor.default\">\n\t\t\t\t<div class=\"elementor-widget-container\">\n\t\t\t\t\t\t\t\t\t<div><div><strong>Engwilen TG: <\/strong><strong>Mehrfamilienhaus:<\/strong><\/div><ul><li><strong>\u00a0\u00a0\u00a0\u00a0\u00a0\u00a0 2009<\/strong> Liegenschaftenunterhalt, Reparaturen<\/li><\/ul><\/div>\t\t\t\t\t\t\t\t<\/div>\n\t\t\t\t<\/div>\n\t\t\t\t<div class=\"elementor-element elementor-element-05adb24 elementor-widget elementor-widget-text-editor\" data-id=\"05adb24\" data-element_type=\"widget\" data-widget_type=\"text-editor.default\">\n\t\t\t\t<div class=\"elementor-widget-container\">\n\t\t\t\t\t\t\t\t\t<div><div><strong>Illnau<\/strong>: <strong>Einfamilienhaus:<\/strong><\/div><ul><li><strong>\u00a0\u00a0\u00a0\u00a0\u00a0\u00a0 2012- 2013<\/strong> Gartenuterhalt, roden und Fl\u00e4chen neu anlegen\u00a0\u00a0 <\/li><\/ul><\/div>\t\t\t\t\t\t\t\t<\/div>\n\t\t\t\t<\/div>\n\t\t\t\t<div class=\"elementor-element elementor-element-84462f3 elementor-widget elementor-widget-text-editor\" data-id=\"84462f3\" data-element_type=\"widget\" data-widget_type=\"text-editor.default\">\n\t\t\t\t<div class=\"elementor-widget-container\">\n\t\t\t\t\t\t\t\t\t<div><div><strong>Kaltbrun Mehrfamilienhaus:\u00a0<\/strong><\/div><ul><li><strong>\u00a0\u00a0\u00a0\u00a0\u00a0\u00a0 2010-2011<\/strong> Umbau Kellerraum\u00a0 in Musik-Studioraum\u00a0<\/li><\/ul><\/div>\t\t\t\t\t\t\t\t<\/div>\n\t\t\t\t<\/div>\n\t\t\t\t<div class=\"elementor-element elementor-element-bfbb114 elementor-widget elementor-widget-text-editor\" data-id=\"bfbb114\" data-element_type=\"widget\" data-widget_type=\"text-editor.default\">\n\t\t\t\t<div class=\"elementor-widget-container\">\n\t\t\t\t\t\t\t\t\t<div><strong>Sch\u00e4nis Zahnarztpraxis:<\/strong><\/div><ul><li><div><strong>\u00a0\u00a0\u00a0\u00a0\u00a0\u00a0 2009 <\/strong>Optimierung Beleuchtung und Infrastruktur\u200b\u200b\u200b\u200b\u200b\u200b\u200b<\/div><\/li><\/ul>\t\t\t\t\t\t\t\t<\/div>\n\t\t\t\t<\/div>\n\t\t\t\t<div class=\"elementor-element elementor-element-469bdba elementor-widget elementor-widget-text-editor\" data-id=\"469bdba\" data-element_type=\"widget\" data-widget_type=\"text-editor.default\">\n\t\t\t\t<div class=\"elementor-widget-container\">\n\t\t\t\t\t\t\t\t\t<p>Lorem ipsum dolor sit amet, consectetur adipiscing elit. Ut elit tellus, luctus nec ullamcorper mattis, pulvinar dapibus leo.<\/p>\t\t\t\t\t\t\t\t<\/div>\n\t\t\t\t<\/div>\n\t\t\t\t<div class=\"elementor-element elementor-element-2e11ba2 elementor-widget elementor-widget-text-editor\" data-id=\"2e11ba2\" data-element_type=\"widget\" data-widget_type=\"text-editor.default\">\n\t\t\t\t<div class=\"elementor-widget-container\">\n\t\t\t\t\t\t\t\t\t<div><strong>St\u00e4fa <\/strong><strong>Reihenhaus,\u00a0Webereistrasse: <\/strong><\/div><ul><li><strong>\u00a0\u00a0\u00a0\u00a0\u00a0\u00a0 2010\u00a0 <\/strong>Container\u00a0 Sammelplatz, Holzpalisadeneinfassung\u00a0 durch\u00a0 Steink\u00f6rbe\u00a0 ersetzen<\/li><li><strong>\u00a0\u00a0\u00a0\u00a0\u00a0\u00a0 2010\u00a0 <\/strong>Einfriedung Gartenzaun mit Holzlamellen erstellen<\/li><li><b>\u00a0\u00a0\u00a0\u00a0\u00a0\u00a0 2019\u00a0<\/b><b> <\/b>Wurzelstock mit Microbagger ausgraben<\/li><\/ul>\t\t\t\t\t\t\t\t<\/div>\n\t\t\t\t<\/div>\n\t\t\t\t<div class=\"elementor-element elementor-element-ca33292 elementor-widget elementor-widget-text-editor\" data-id=\"ca33292\" data-element_type=\"widget\" data-widget_type=\"text-editor.default\">\n\t\t\t\t<div class=\"elementor-widget-container\">\n\t\t\t\t\t\t\t\t\t<div><strong>St\u00e4fa\u00a0<\/strong> <strong>Reihenhaus,\u00a0Webereistrasse: <\/strong><\/div><ul><li><strong>\u00a0\u00a0\u00a0\u00a0\u00a0\u00a0 2015\u00a0 <\/strong>Sanierung Fassade<\/li><\/ul>\t\t\t\t\t\t\t\t<\/div>\n\t\t\t\t<\/div>\n\t\t\t\t<div class=\"elementor-element elementor-element-9bcef0d elementor-widget elementor-widget-text-editor\" data-id=\"9bcef0d\" data-element_type=\"widget\" data-widget_type=\"text-editor.default\">\n\t\t\t\t<div class=\"elementor-widget-container\">\n\t\t\t\t\t\t\t\t\t<div><strong>St\u00e4fa\u00a0Sennenrainstrasse 2, Einfamilienhaus:<\/strong><\/div><ul><li><div><strong>\u00a0\u00a0\u00a0\u00a0\u00a0\u00a0 2009<\/strong>\u00a0 Umbau Keller, Einfriedung Garten, mit Diagonalgeflechtzaun und Steink\u00f6rben(Gabionen)\u00a0<\/div><\/li><li><div><strong>\u00a0\u00a0\u00a0\u00a0\u00a0\u00a0 2010\u00a0 <\/strong>Malerarbeiten an Fassade und Holzfachwerk<\/div><\/li><li><div><strong>\u00a0\u00a0\u00a0\u00a0\u00a0\u00a0 2012\u00a0 <\/strong>Einliegerwohnung,\u00a0Malerarbeiten\u00a0<\/div><\/li><\/ul>\t\t\t\t\t\t\t\t<\/div>\n\t\t\t\t<\/div>\n\t\t\t\t<div class=\"elementor-element elementor-element-5b81ef3 elementor-widget elementor-widget-text-editor\" data-id=\"5b81ef3\" data-element_type=\"widget\" data-widget_type=\"text-editor.default\">\n\t\t\t\t<div class=\"elementor-widget-container\">\n\t\t\t\t\t\t\t\t\t<div><strong>St\u00e4fa<\/strong><strong>\u00a0Dorfstrasse 16, Einfamilienhaus:<\/strong><\/div><ul><li><div><strong>\u00a0\u00a0\u00a0\u00a0\u00a0\u00a0 2009\u00a0<\/strong> Sanierung Vorfenster und L\u00e4den,<\/div><\/li><li><strong>\u00a0\u00a0\u00a0\u00a0\u00a0\u00a0 2010\u00a0<\/strong> Sanierung Flachdach nach\u00a0Wasserschaden, neuer\u00a0Dachaufbau, Holzbalken teilweise ersetzen, Spenglerarbeiten,<\/li><li><strong>\u00a0\u00a0\u00a0\u00a0\u00a0\u00a0 2011\u00a0<\/strong> Liegenschatenunterhalt, Reparaturen<\/li><\/ul>\t\t\t\t\t\t\t\t<\/div>\n\t\t\t\t<\/div>\n\t\t\t\t<div class=\"elementor-element elementor-element-00fa208 elementor-widget elementor-widget-text-editor\" data-id=\"00fa208\" data-element_type=\"widget\" data-widget_type=\"text-editor.default\">\n\t\t\t\t<div class=\"elementor-widget-container\">\n\t\t\t\t\t\t\t\t\t<div><strong>St\u00e4fa Benderb\u00fchlstrasse, Einfamilienhaus:<\/strong><\/div><ul><li><strong>\u00a0\u00a0\u00a0\u00a0\u00a0\u00a0 2010<\/strong> Gartenst\u00fctzmauer ersetzen, Gartenunterhalt<\/li><\/ul>\t\t\t\t\t\t\t\t<\/div>\n\t\t\t\t<\/div>\n\t\t\t\t<div class=\"elementor-element elementor-element-b0b45aa elementor-widget elementor-widget-text-editor\" data-id=\"b0b45aa\" data-element_type=\"widget\" data-widget_type=\"text-editor.default\">\n\t\t\t\t<div class=\"elementor-widget-container\">\n\t\t\t\t\t\t\t\t\t<div><div><strong>St\u00e4fa<\/strong> <strong>Binzstrasse, Einfamilienhaus:<\/strong><\/div><ul><li><strong>\u00a0\u00a0\u00a0\u00a0\u00a0\u00a0 2009\u00a0<\/strong> Wasserschaden\u00a0 sanieren, Plattenleger und Malerarbeiten<\/li><li><strong>\u00a0\u00a0\u00a0\u00a0\u00a0\u00a0 2010\u00a0<\/strong> Sichtschutzzaun\u00a0 erstellen, Liegenschaftenunterhalt, Reparaturen<\/li><\/ul><\/div>\t\t\t\t\t\t\t\t<\/div>\n\t\t\t\t<\/div>\n\t\t\t\t<div class=\"elementor-element elementor-element-27c593f elementor-widget elementor-widget-text-editor\" data-id=\"27c593f\" data-element_type=\"widget\" data-widget_type=\"text-editor.default\">\n\t\t\t\t<div class=\"elementor-widget-container\">\n\t\t\t\t\t\t\t\t\t<div><div><strong>St\u00e4fa Pilatusstrasse, Mehrfamilienhaus:<\/strong><\/div><ul><li><strong>\u00a0\u00a0\u00a0\u00a0\u00a0\u00a0 2013 <\/strong>Bord mit\u00a0 Holzschnitzel\u00a0abdecken,\u00a0Gartenunterhalt<\/li><\/ul><\/div>\t\t\t\t\t\t\t\t<\/div>\n\t\t\t\t<\/div>\n\t\t\t\t<div class=\"elementor-element elementor-element-43c9836 elementor-widget elementor-widget-text-editor\" data-id=\"43c9836\" data-element_type=\"widget\" data-widget_type=\"text-editor.default\">\n\t\t\t\t<div class=\"elementor-widget-container\">\n\t\t\t\t\t\t\t\t\t<div><strong>St\u00e4fa <\/strong><strong>Dorf Mehrfamilienhaus:<\/strong><\/div><ul><li><strong>\u00a0\u00a0\u00a0\u00a0\u00a0\u00a0 2012- 2013<\/strong>\u00a0Gartengestaltung, roden und\u00a0 Fl\u00e4chen neu anlegen<\/li><\/ul>\t\t\t\t\t\t\t\t<\/div>\n\t\t\t\t<\/div>\n\t\t\t\t<div class=\"elementor-element elementor-element-675f287 elementor-widget elementor-widget-text-editor\" data-id=\"675f287\" data-element_type=\"widget\" data-widget_type=\"text-editor.default\">\n\t\t\t\t<div class=\"elementor-widget-container\">\n\t\t\t\t\t\t\t\t\t<div><strong>St\u00e4fa <\/strong><strong>Schmittenbachstrasse , Einfamilienhaus:<\/strong><\/div><ul><li><strong>\u00a0\u00a0\u00a0\u00a0\u00a0\u00a0 2011 <\/strong>Sanierung\u00a0 Boden Hauseingang, Malerarbeiten,\u00a0Gartenunterhalt<\/li><\/ul>\t\t\t\t\t\t\t\t<\/div>\n\t\t\t\t<\/div>\n\t\t\t\t<div class=\"elementor-element elementor-element-64ecff4 elementor-widget elementor-widget-text-editor\" data-id=\"64ecff4\" data-element_type=\"widget\" data-widget_type=\"text-editor.default\">\n\t\t\t\t<div class=\"elementor-widget-container\">\n\t\t\t\t\t\t\t\t\t<div><strong>Pf\u00e4ffikon\u00a0 ZH, Im Kehr 5,\u00a0 Mehrfamilienhaus:<\/strong><\/div><ul><li><strong>\u00a0\u00a0\u00a0\u00a0\u00a0\u00a0 2011\u00a0\u00a0\u00a0\u00a0\u00a0\u00a0\u00a0\u00a0\u00a0\u00a0\u00a0\u00a0\u00a0 <\/strong>Umbau<strong>\u00a0<\/strong>K\u00fcche, Sanit\u00e4r und\u00a0 Malerarbeiten<\/li><li><strong>\u00a0\u00a0\u00a0\u00a0\u00a0\u00a0 2012\u00a0\u00a0\u00a0\u00a0\u00a0\u00a0\u00a0\u00a0\u00a0\u00a0\u00a0\u00a0\u00a0 <\/strong>Garten Blumenrabatten anlegen<\/li><li><strong>\u00a0\u00a0\u00a0\u00a0\u00a0\u00a0 2012<\/strong> \u00a0\u00a0\u00a0\u00a0\u00a0\u00a0\u00a0\u00a0\u00a0\u00a0\u00a0\u00a0 Reparaturen, Wohnungen Renovieren, Sanit\u00e4r, Bodenleger und\u00a0 Malerarbeiten<\/li><li><strong>\u00a0\u00a0\u00a0\u00a0\u00a0\u00a0 2012 &#8211; 2017<\/strong> Garten und Liegenschaftenunterhalt<\/li><\/ul>\t\t\t\t\t\t\t\t<\/div>\n\t\t\t\t<\/div>\n\t\t\t\t<div class=\"elementor-element elementor-element-ed03163 elementor-widget elementor-widget-text-editor\" data-id=\"ed03163\" data-element_type=\"widget\" data-widget_type=\"text-editor.default\">\n\t\t\t\t<div class=\"elementor-widget-container\">\n\t\t\t\t\t\t\t\t\t<div><div><strong>Pf\u00e4ffikon<\/strong>\u00a0 <strong>ZH,\u00a0 Im Kehr 7, Mehrfamilienhaus:<\/strong><\/div><ul><li><strong>\u00a0\u00a0\u00a0\u00a0\u00a0\u00a0 2012 &#8211; 2017 <\/strong>Liegenschaften und Gartenunterhalt, Reparaturen<\/li><\/ul><\/div>\t\t\t\t\t\t\t\t<\/div>\n\t\t\t\t<\/div>\n\t\t\t\t<div class=\"elementor-element elementor-element-678e0be elementor-widget elementor-widget-text-editor\" data-id=\"678e0be\" data-element_type=\"widget\" data-widget_type=\"text-editor.default\">\n\t\t\t\t<div class=\"elementor-widget-container\">\n\t\t\t\t\t\t\t\t\t<div><strong>Uetzikon Im Ufgang, Einfamilienhaus:<\/strong><\/div><ul><li><strong>\u00a0\u00a0\u00a0\u00a0\u00a0\u00a0 2009\u00a0 <\/strong>Erstellen von Kiesplatz\u00a0-Terrasse<\/li><\/ul>\t\t\t\t\t\t\t\t<\/div>\n\t\t\t\t<\/div>\n\t\t\t\t<div class=\"elementor-element elementor-element-1a7e812 elementor-widget elementor-widget-text-editor\" data-id=\"1a7e812\" data-element_type=\"widget\" data-widget_type=\"text-editor.default\">\n\t\t\t\t<div class=\"elementor-widget-container\">\n\t\t\t\t\t\t\t\t\t<div><strong>Gusch-Oetwil am\u00a0See Waldhaus: <\/strong><\/div><ul><li><div><strong>\u00a0\u00a0\u00a0\u00a0\u00a0\u00a0 2009\u00a0<\/strong> Erstellen von Plattenterrasse<\/div><\/li><\/ul>\t\t\t\t\t\t\t\t<\/div>\n\t\t\t\t<\/div>\n\t\t\t\t<div class=\"elementor-element elementor-element-751f8c7 elementor-widget elementor-widget-text-editor\" data-id=\"751f8c7\" data-element_type=\"widget\" data-widget_type=\"text-editor.default\">\n\t\t\t\t<div class=\"elementor-widget-container\">\n\t\t\t\t\t\t\t\t\t<div><strong>Oetwil an der Limmat: <\/strong><strong>Garten Hanglage\u00a0<\/strong><\/div><ul><li><div><strong>\u00a0\u00a0\u00a0\u00a0\u00a0\u00a0 2009<\/strong> \u00a0\u00a0\u00a0\u00a0\u00a0\u00a0\u00a0\u00a0\u00a0\u00a0\u00a0\u00a0 Ersatz Gartenchopf( R\u00fcckbau und Neubau), Erstellen Weinberg, Pflanzen von 40 Rebst\u00f6cken<\/div><\/li><li><div><strong>\u00a0\u00a0\u00a0\u00a0\u00a0\u00a0 2011<\/strong> \u00a0\u00a0\u00a0\u00a0\u00a0\u00a0\u00a0\u00a0\u00a0\u00a0\u00a0\u00a0 Terrassen mit Steinplatten erstellen<\/div><\/li><li><div><strong>\u00a0\u00a0\u00a0\u00a0\u00a0\u00a0 2013<\/strong> \u00a0\u00a0\u00a0\u00a0\u00a0\u00a0\u00a0\u00a0\u00a0\u00a0\u00a0\u00a0 Erweiterung Gartenchopf<\/div><\/li><li><div><strong>\u00a0\u00a0\u00a0\u00a0\u00a0\u00a0 2010 &#8211; 2016 <\/strong>Garten und\u00a0 Rebbergunterhalt<\/div><\/li><\/ul>\t\t\t\t\t\t\t\t<\/div>\n\t\t\t\t<\/div>\n\t\t\t\t<div class=\"elementor-element elementor-element-7f79572 elementor-widget elementor-widget-text-editor\" data-id=\"7f79572\" data-element_type=\"widget\" data-widget_type=\"text-editor.default\">\n\t\t\t\t<div class=\"elementor-widget-container\">\n\t\t\t\t\t\t\t\t\t<div><strong>Z\u00fcrich Uetlibergstrasse 134, Mehrfamilienhaus mit 12 Wohnungen:<\/strong><\/div><ul><li><strong>\u00a0\u00a0\u00a0\u00a0\u00a0\u00a0 2009<\/strong> \u00a0\u00a0\u00a0\u00a0\u00a0\u00a0\u00a0\u00a0\u00a0\u00a0\u00a0\u00a0 Umbau Keller, Einbau Waschk\u00fcche<\/li><li><strong>\u00a0\u00a0\u00a0\u00a0\u00a0\u00a0 2010 &#8211; 2016 <\/strong>Liegenschaftenunterhalt,\u00a0Sanierung\u00a0 Wohnungen, Reparaturen, Gartenunterhalt<\/li><\/ul>\t\t\t\t\t\t\t\t<\/div>\n\t\t\t\t<\/div>\n\t\t\t\t<div class=\"elementor-element elementor-element-9991852 elementor-widget elementor-widget-text-editor\" data-id=\"9991852\" data-element_type=\"widget\" data-widget_type=\"text-editor.default\">\n\t\t\t\t<div class=\"elementor-widget-container\">\n\t\t\t\t\t\t\t\t\t<div><strong>Z\u00fcrich<\/strong> <strong>Hardturmstrasse BBI:<\/strong><\/div><ul><li><strong>\u00a0\u00a0\u00a0\u00a0\u00a0\u00a0 2009\u00a0\u00a0\u00a0\u00a0\u00a0\u00a0\u00a0\u00a0\u00a0\u00a0\u00a0\u00a0 <\/strong>Umbau K\u00fcchen,\u00a0B\u00fcro, Plattenleger,\u00a0Sanit\u00e4r -und\u00a0\u00a0Malerarbeiten,<\/li><li><strong>\u00a0\u00a0\u00a0\u00a0\u00a0\u00a0 2010\u00a0\u00a0\u00a0\u00a0\u00a0\u00a0\u00a0\u00a0\u00a0\u00a0\u00a0\u00a0 <\/strong>Umbau Umkleide und WC, Schreiner, Sanit\u00e4r -und\u00a0\u00a0Malerarbeiten,<\/li><li><strong>\u00a0\u00a0\u00a0\u00a0\u00a0\u00a0 2011- 2012 <\/strong>Schreiner und Malerarbeiten\u00a0\u00a0 <\/li><\/ul>\t\t\t\t\t\t\t\t<\/div>\n\t\t\t\t<\/div>\n\t\t\t\t<div class=\"elementor-element elementor-element-8c2a25a elementor-widget elementor-widget-text-editor\" data-id=\"8c2a25a\" data-element_type=\"widget\" data-widget_type=\"text-editor.default\">\n\t\t\t\t<div class=\"elementor-widget-container\">\n\t\t\t\t\t\t\t\t\t<div><strong>Z\u00fcrich <\/strong>Mehrfamilienhaus<\/div><ul><li><strong>\u00a0\u00a0\u00a0\u00a0\u00a0\u00a0 2012 <\/strong>Umbau K\u00fcche, Sanit\u00e4r, Baumeister -und Gipserarbeiten<\/li><\/ul>\t\t\t\t\t\t\t\t<\/div>\n\t\t\t\t<\/div>\n\t\t\t\t<div class=\"elementor-element elementor-element-336d1e1 elementor-widget elementor-widget-text-editor\" data-id=\"336d1e1\" data-element_type=\"widget\" data-widget_type=\"text-editor.default\">\n\t\t\t\t<div class=\"elementor-widget-container\">\n\t\t\t\t\t\t\t\t\t<div><div><strong>Z\u00fcrich Tiechestrasse 23, Doppelhaus:<\/strong><\/div><\/div><div><div><ul><li><strong>\u00a0\u00a0\u00a0\u00a0\u00a0\u00a0 2011<\/strong> \u00a0\u00a0\u00a0\u00a0\u00a0\u00a0\u00a0\u00a0\u00a0\u00a0\u00a0\u00a0\u00a0 Umbau R\u00e4ume, Balkonausgang, Sanit\u00e4r und Heizungsarbeiten, Schreiner und Malerarbeiten, Ersatz Regenfallrohre<\/li><li><strong>\u00a0\u00a0\u00a0\u00a0\u00a0\u00a0 2010 &#8211; 2017<\/strong>\u00a0 Liegenschaften-und\u00a0Gartenunterhalt<\/li><li><strong>\u00a0\u00a0\u00a0\u00a0\u00a0\u00a0 2014 &#8211; 2016\u00a0 <\/strong>Ausbau Kellerr\u00e4ume, B\u00f6den betonieren,\u00a0W\u00e4nde isolieren, Plattenleger, Sanit\u00e4r\u00a0und Malerarbeiten<\/li><li>\u00a0 \u00a0 \u00a0 \u00a0 \u00a0 \u00a0 \u00a0 \u00a0 \u00a0 \u00a0\u00a0\u00a0\u00a0\u00a0\u00a0\u00a0\u00a0\u00a0\u00a0\u00a0\u00a0 Sanierung Waschk\u00fcche und Heizungsraum nach Wasserschaden (Hangdruck)<\/li><li>\u00a0 \u00a0 \u00a0 \u00a0 \u00a0 \u00a0 \u00a0 \u00a0 \u00a0 \u00a0\u00a0\u00a0\u00a0\u00a0\u00a0\u00a0\u00a0\u00a0\u00a0\u00a0\u00a0 Drainagerohre verlegen und Pumpenschacht Einbau, W\u00e4nde mit Biotherm sanieren\u00a0<\/li><li>\u00a0 \u00a0 \u00a0 \u00a0 \u00a0 \u00a0 \u00a0 \u00a0 \u00a0 \u00a0 \u00a0 \u00a0 \u00a0 \u00a0 \u00a0\u00a0 Sanierung Kanalisation, Ersetzen defektes T-St\u00fcck\u00a0 durch Einlaufschacht\u00a0\u00a0\u00a0\u00a0\u00a0\u00a0\u00a0\u00a0\u00a0\u00a0\u00a0\u00a0\u00a0\u00a0\u00a0\u00a0\u00a0<\/li><li>\u00a0 \u00a0 \u00a0 \u00a0 \u00a0 \u00a0 \u00a0 \u00a0 \u00a0 \u00a0\u00a0\u00a0\u00a0\u00a0\u00a0\u00a0\u00a0\u00a0\u00a0\u00a0\u00a0 Einbau WC und\u00a0 Dusche<\/li><\/ul><\/div><\/div>\t\t\t\t\t\t\t\t<\/div>\n\t\t\t\t<\/div>\n\t\t\t\t<div class=\"elementor-element elementor-element-18a2dc3 elementor-widget elementor-widget-text-editor\" data-id=\"18a2dc3\" data-element_type=\"widget\" data-widget_type=\"text-editor.default\">\n\t\t\t\t<div class=\"elementor-widget-container\">\n\t\t\t\t\t\t\t\t\t<div><div><strong>Z\u00fcrich<\/strong> <strong>Tiechestrasse 21, Doppelhaus:<\/strong><\/div><ul><li><strong>\u00a0\u00a0\u00a0\u00a0\u00a0\u00a0 2010\u00a0 <\/strong>Erstellung\u00a0 Fundamente f\u00fcr\u00a0 Hochbalkone<\/li><li>\u00a0 \u00a0 \u00a0 \u00a0 \u00a0\u00a0\u00a0\u00a0\u00a0\u00a0\u00a0\u00a0\u00a0\u00a0 Sanierung\u00a0 Badboden, Plattenlegerarbeiten<\/li><li>\u00a0 \u00a0 \u00a0 \u00a0 \u00a0\u00a0\u00a0\u00a0\u00a0\u00a0\u00a0\u00a0\u00a0\u00a0 Ausbau Keller, Sanierung und D\u00e4mmen Decken<\/li><li><strong>\u00a0\u00a0\u00a0\u00a0\u00a0\u00a0 2011\u00a0 <\/strong>Balkonausgang, Sanit\u00e4r\u00a0 und Heizungsarbeiten, Schreiner und\u00a0 Malerarbeiten<\/li><\/ul><\/div>\t\t\t\t\t\t\t\t<\/div>\n\t\t\t\t<\/div>\n\t\t<div class=\"elementor-element elementor-element-aed38a7 e-con-full e-flex e-con e-child\" data-id=\"aed38a7\" data-element_type=\"container\">\n\t\t<div class=\"elementor-element elementor-element-8ac1d41 e-con-full e-flex e-con e-child\" data-id=\"8ac1d41\" data-element_type=\"container\">\n\t\t\t\t<div class=\"elementor-element elementor-element-87b25dc elementor-widget elementor-widget-image\" data-id=\"87b25dc\" data-element_type=\"widget\" data-widget_type=\"image.default\">\n\t\t\t\t<div class=\"elementor-widget-container\">\n\t\t\t\t\t\t\t\t\t\t\t\t\t\t\t<img loading=\"lazy\" decoding=\"async\" width=\"1024\" height=\"608\" src=\"https:\/\/tw-bau.ch\/cms\/wp-content\/uploads\/2025\/03\/7157050-Waschkueche20Kanalisation20Ersatz20defekt20Hosenstueck20durch20Kontrollschacht203-1024x608.jpg\" class=\"attachment-large size-large wp-image-107\" alt=\"\" srcset=\"https:\/\/tw-bau.ch\/cms\/wp-content\/uploads\/2025\/03\/7157050-Waschkueche20Kanalisation20Ersatz20defekt20Hosenstueck20durch20Kontrollschacht203-1024x608.jpg 1024w, https:\/\/tw-bau.ch\/cms\/wp-content\/uploads\/2025\/03\/7157050-Waschkueche20Kanalisation20Ersatz20defekt20Hosenstueck20durch20Kontrollschacht203-300x178.jpg 300w, https:\/\/tw-bau.ch\/cms\/wp-content\/uploads\/2025\/03\/7157050-Waschkueche20Kanalisation20Ersatz20defekt20Hosenstueck20durch20Kontrollschacht203-768x456.jpg 768w, https:\/\/tw-bau.ch\/cms\/wp-content\/uploads\/2025\/03\/7157050-Waschkueche20Kanalisation20Ersatz20defekt20Hosenstueck20durch20Kontrollschacht203.jpg 1500w\" sizes=\"(max-width: 1024px) 100vw, 1024px\" \/>\t\t\t\t\t\t\t\t\t\t\t\t\t\t\t<\/div>\n\t\t\t\t<\/div>\n\t\t\t\t<div class=\"elementor-element elementor-element-0d3fe0e elementor-widget elementor-widget-heading\" data-id=\"0d3fe0e\" data-element_type=\"widget\" data-widget_type=\"heading.default\">\n\t\t\t\t<div class=\"elementor-widget-container\">\n\t\t\t\t\t<h6 class=\"elementor-heading-title elementor-size-default\">Einlaufschacht setzen<\/h6>\t\t\t\t<\/div>\n\t\t\t\t<\/div>\n\t\t\t\t<\/div>\n\t\t<div class=\"elementor-element elementor-element-e3259b7 e-con-full e-flex e-con e-child\" data-id=\"e3259b7\" data-element_type=\"container\">\n\t\t\t\t<div class=\"elementor-element elementor-element-28976c7 elementor-widget elementor-widget-image\" data-id=\"28976c7\" data-element_type=\"widget\" data-widget_type=\"image.default\">\n\t\t\t\t<div class=\"elementor-widget-container\">\n\t\t\t\t\t\t\t\t\t\t\t\t\t\t\t<img loading=\"lazy\" decoding=\"async\" width=\"1024\" height=\"608\" src=\"https:\/\/tw-bau.ch\/cms\/wp-content\/uploads\/2025\/03\/7157046-Waschkueche20Kanalisation20Ersatz20defekt20Hosenstueck20durch20Kontrollschacht202-1024x608.jpg\" class=\"attachment-large size-large wp-image-108\" alt=\"\" srcset=\"https:\/\/tw-bau.ch\/cms\/wp-content\/uploads\/2025\/03\/7157046-Waschkueche20Kanalisation20Ersatz20defekt20Hosenstueck20durch20Kontrollschacht202-1024x608.jpg 1024w, https:\/\/tw-bau.ch\/cms\/wp-content\/uploads\/2025\/03\/7157046-Waschkueche20Kanalisation20Ersatz20defekt20Hosenstueck20durch20Kontrollschacht202-300x178.jpg 300w, https:\/\/tw-bau.ch\/cms\/wp-content\/uploads\/2025\/03\/7157046-Waschkueche20Kanalisation20Ersatz20defekt20Hosenstueck20durch20Kontrollschacht202-768x456.jpg 768w, https:\/\/tw-bau.ch\/cms\/wp-content\/uploads\/2025\/03\/7157046-Waschkueche20Kanalisation20Ersatz20defekt20Hosenstueck20durch20Kontrollschacht202.jpg 1500w\" sizes=\"(max-width: 1024px) 100vw, 1024px\" \/>\t\t\t\t\t\t\t\t\t\t\t\t\t\t\t<\/div>\n\t\t\t\t<\/div>\n\t\t\t\t<div class=\"elementor-element elementor-element-89d7384 elementor-widget elementor-widget-heading\" data-id=\"89d7384\" data-element_type=\"widget\" data-widget_type=\"heading.default\">\n\t\t\t\t<div class=\"elementor-widget-container\">\n\t\t\t\t\t<h6 class=\"elementor-heading-title elementor-size-default\">defekter Abzweig<\/h6>\t\t\t\t<\/div>\n\t\t\t\t<\/div>\n\t\t\t\t<\/div>\n\t\t\t\t<\/div>\n\t\t<div class=\"elementor-element elementor-element-b34a55e e-con-full e-flex e-con e-child\" data-id=\"b34a55e\" data-element_type=\"container\">\n\t\t<div class=\"elementor-element elementor-element-5e7ccb6 e-con-full e-flex e-con e-child\" data-id=\"5e7ccb6\" data-element_type=\"container\">\n\t\t\t\t<div class=\"elementor-element elementor-element-def9cd3 elementor-widget elementor-widget-image\" data-id=\"def9cd3\" data-element_type=\"widget\" data-widget_type=\"image.default\">\n\t\t\t\t<div class=\"elementor-widget-container\">\n\t\t\t\t\t\t\t\t\t\t\t\t\t\t\t<img loading=\"lazy\" decoding=\"async\" width=\"1024\" height=\"608\" src=\"https:\/\/tw-bau.ch\/cms\/wp-content\/uploads\/2025\/03\/8371037-Waschkueche_Kanalisation_Ersatz_defekt_Hosenstueck_durch_Kontrollschacht_6.w1024.jpg\" class=\"attachment-large size-large wp-image-109\" alt=\"\" srcset=\"https:\/\/tw-bau.ch\/cms\/wp-content\/uploads\/2025\/03\/8371037-Waschkueche_Kanalisation_Ersatz_defekt_Hosenstueck_durch_Kontrollschacht_6.w1024.jpg 1024w, https:\/\/tw-bau.ch\/cms\/wp-content\/uploads\/2025\/03\/8371037-Waschkueche_Kanalisation_Ersatz_defekt_Hosenstueck_durch_Kontrollschacht_6.w1024-300x178.jpg 300w, https:\/\/tw-bau.ch\/cms\/wp-content\/uploads\/2025\/03\/8371037-Waschkueche_Kanalisation_Ersatz_defekt_Hosenstueck_durch_Kontrollschacht_6.w1024-768x456.jpg 768w\" sizes=\"(max-width: 1024px) 100vw, 1024px\" \/>\t\t\t\t\t\t\t\t\t\t\t\t\t\t\t<\/div>\n\t\t\t\t<\/div>\n\t\t\t\t<div class=\"elementor-element elementor-element-768339f elementor-widget elementor-widget-heading\" data-id=\"768339f\" data-element_type=\"widget\" data-widget_type=\"heading.default\">\n\t\t\t\t<div class=\"elementor-widget-container\">\n\t\t\t\t\t<h6 class=\"elementor-heading-title elementor-size-default\">Einlauf und Drainageschacht<\/h6>\t\t\t\t<\/div>\n\t\t\t\t<\/div>\n\t\t\t\t<\/div>\n\t\t<div class=\"elementor-element elementor-element-4254833 e-con-full e-flex e-con e-child\" data-id=\"4254833\" data-element_type=\"container\">\n\t\t\t\t<div class=\"elementor-element elementor-element-d1c20ef elementor-widget elementor-widget-image\" data-id=\"d1c20ef\" data-element_type=\"widget\" data-widget_type=\"image.default\">\n\t\t\t\t<div class=\"elementor-widget-container\">\n\t\t\t\t\t\t\t\t\t\t\t\t\t\t\t<img loading=\"lazy\" decoding=\"async\" width=\"1024\" height=\"608\" src=\"https:\/\/tw-bau.ch\/cms\/wp-content\/uploads\/2025\/03\/8371034-Waschkueche_setzen_von_Dranageschaecht_und_Dranagerohren_7.w1024.jpg\" class=\"attachment-large size-large wp-image-110\" alt=\"\" srcset=\"https:\/\/tw-bau.ch\/cms\/wp-content\/uploads\/2025\/03\/8371034-Waschkueche_setzen_von_Dranageschaecht_und_Dranagerohren_7.w1024.jpg 1024w, https:\/\/tw-bau.ch\/cms\/wp-content\/uploads\/2025\/03\/8371034-Waschkueche_setzen_von_Dranageschaecht_und_Dranagerohren_7.w1024-300x178.jpg 300w, https:\/\/tw-bau.ch\/cms\/wp-content\/uploads\/2025\/03\/8371034-Waschkueche_setzen_von_Dranageschaecht_und_Dranagerohren_7.w1024-768x456.jpg 768w\" sizes=\"(max-width: 1024px) 100vw, 1024px\" \/>\t\t\t\t\t\t\t\t\t\t\t\t\t\t\t<\/div>\n\t\t\t\t<\/div>\n\t\t\t\t<div class=\"elementor-element elementor-element-355d317 elementor-widget elementor-widget-heading\" data-id=\"355d317\" data-element_type=\"widget\" data-widget_type=\"heading.default\">\n\t\t\t\t<div class=\"elementor-widget-container\">\n\t\t\t\t\t<h6 class=\"elementor-heading-title elementor-size-default\">Drainage und Pumpenschacht<\/h6>\t\t\t\t<\/div>\n\t\t\t\t<\/div>\n\t\t\t\t<\/div>\n\t\t\t\t<\/div>\n\t\t\t\t<div class=\"elementor-element elementor-element-a5c1ac0 elementor-widget elementor-widget-text-editor\" data-id=\"a5c1ac0\" data-element_type=\"widget\" data-widget_type=\"text-editor.default\">\n\t\t\t\t<div class=\"elementor-widget-container\">\n\t\t\t\t\t\t\t\t\t<div><strong>Wallisellen<\/strong> Berufsschule Maler,Gipser:<\/div><ul><li><strong>\u00a0\u00a0\u00a0\u00a0\u00a0\u00a0 2009\u00a0<\/strong> Raucherunterst\u00e4nde aufstellen mit Stahlplattenfundamenten<\/li><\/ul>\t\t\t\t\t\t\t\t<\/div>\n\t\t\t\t<\/div>\n\t\t\t\t<div class=\"elementor-element elementor-element-b82c8ca elementor-widget elementor-widget-spacer\" data-id=\"b82c8ca\" data-element_type=\"widget\" data-widget_type=\"spacer.default\">\n\t\t\t\t<div class=\"elementor-widget-container\">\n\t\t\t\t\t\t\t<div class=\"elementor-spacer\">\n\t\t\t<div class=\"elementor-spacer-inner\"><\/div>\n\t\t<\/div>\n\t\t\t\t\t\t<\/div>\n\t\t\t\t<\/div>\n\t\t\t\t\t<\/div>\n\t\t\t\t<\/div>\n\t\t\t\t<\/div>\n\t\t","protected":false},"excerpt":{"rendered":"<p>Ausgef\u00fchrte Auftr\u00e4ge St\u00e4fa, Uetikon am See,\u00a0Vorsorgeauftrag ( Beistand, Senioren Begleitung) 2017-2019\u00a0 1. Vorsorgeauftrag\u00a0(Beistand) \u00a0 \u00a0 \u00a0 \u00a0 \u00a0 \u00a0 \u00a0 \u00a0 \u00a0\u00a0\u00a0u.a.\u00a0z\u00fcgeln ins Altersheim\u00a0R\u00e4umung und Aufl\u00f6sung Haushalt, Wohnung\u00a0 2021-\u00a0\u00a0 \u00a0 \u00a0 \u00a0 1.\u00a0weiterer\u00a0Vorsorgeauftrag,\u00a0(Beistand)\u00a0\u00a0 \u00a0 \u00a0 \u00a0 \u00a0 \u00a0 \u00a0 \u00a0 \u00a0 \u00a0 \u00a0 \u00a0 \u00a0\u00a0u.a. z\u00fcgeln ins Altersheim,\u00a0R\u00e4umung und Aufl\u00f6sung Haushalt, Wohnung,\u00a0 Verkauf\u00a0 Wohnung,\u00a0\u00a0 2022\u00a0&hellip;&nbsp;<a href=\"https:\/\/tw-bau.ch\/cms\/referenzen\/\" rel=\"bookmark\"><span class=\"screen-reader-text\">Referenzen<\/span><\/a><\/p>\n","protected":false},"author":1,"featured_media":0,"parent":0,"menu_order":0,"comment_status":"closed","ping_status":"closed","template":"page-templates\/template-pagebuilder-full-width.php","meta":{"neve_meta_sidebar":"","neve_meta_container":"","neve_meta_enable_content_width":"","neve_meta_content_width":0,"neve_meta_title_alignment":"","neve_meta_author_avatar":"","neve_post_elements_order":"","neve_meta_disable_header":"","neve_meta_disable_footer":"","neve_meta_disable_title":"","footnotes":""},"class_list":["post-68","page","type-page","status-publish","hentry"],"_links":{"self":[{"href":"https:\/\/tw-bau.ch\/cms\/wp-json\/wp\/v2\/pages\/68","targetHints":{"allow":["GET"]}}],"collection":[{"href":"https:\/\/tw-bau.ch\/cms\/wp-json\/wp\/v2\/pages"}],"about":[{"href":"https:\/\/tw-bau.ch\/cms\/wp-json\/wp\/v2\/types\/page"}],"author":[{"embeddable":true,"href":"https:\/\/tw-bau.ch\/cms\/wp-json\/wp\/v2\/users\/1"}],"replies":[{"embeddable":true,"href":"https:\/\/tw-bau.ch\/cms\/wp-json\/wp\/v2\/comments?post=68"}],"version-history":[{"count":16,"href":"https:\/\/tw-bau.ch\/cms\/wp-json\/wp\/v2\/pages\/68\/revisions"}],"predecessor-version":[{"id":180,"href":"https:\/\/tw-bau.ch\/cms\/wp-json\/wp\/v2\/pages\/68\/revisions\/180"}],"wp:attachment":[{"href":"https:\/\/tw-bau.ch\/cms\/wp-json\/wp\/v2\/media?parent=68"}],"curies":[{"name":"wp","href":"https:\/\/api.w.org\/{rel}","templated":true}]}}